{"version":"1.0","provider_name":"Association Fanarenana","provider_url":"https:\/\/associationfanarenana.org","author_name":"sia-jos\u00e9phine SABLON","author_url":"https:\/\/associationfanarenana.org\/index.php\/author\/josephine\/","title":"Notre volet social - Association Fanarenana","type":"rich","width":600,"height":338,"html":"<blockquote class=\"wp-embedded-content\" data-secret=\"E2kOOsVcSC\"><a href=\"https:\/\/associationfanarenana.org\/index.php\/offres-de-services-en-readaptation\/notre-volet-social\/\">Notre volet social<\/a><\/blockquote><iframe sandbox=\"allow-scripts\" security=\"restricted\" src=\"https:\/\/associationfanarenana.org\/index.php\/offres-de-services-en-readaptation\/notre-volet-social\/embed\/#?secret=E2kOOsVcSC\" width=\"600\" height=\"338\" title=\"\u00ab\u00a0Notre volet social\u00a0\u00bb &#8212; Association Fanarenana\" data-secret=\"E2kOOsVcSC\" frameborder=\"0\" marginwidth=\"0\" marginheight=\"0\" scrolling=\"no\" class=\"wp-embedded-content\"><\/iframe><script>\n\/*! This file is auto-generated *\/\n!function(d,l){\"use strict\";l.querySelector&&d.addEventListener&&\"undefined\"!=typeof URL&&(d.wp=d.wp||{},d.wp.receiveEmbedMessage||(d.wp.receiveEmbedMessage=function(e){var t=e.data;if((t||t.secret||t.message||t.value)&&!\/[^a-zA-Z0-9]\/.test(t.secret)){for(var s,r,n,a=l.querySelectorAll('iframe[data-secret=\"'+t.secret+'\"]'),o=l.querySelectorAll('blockquote[data-secret=\"'+t.secret+'\"]'),c=new RegExp(\"^https?:$\",\"i\"),i=0;i<o.length;i++)o[i].style.display=\"none\";for(i=0;i<a.length;i++)s=a[i],e.source===s.contentWindow&&(s.removeAttribute(\"style\"),\"height\"===t.message?(1e3<(r=parseInt(t.value,10))?r=1e3:~~r<200&&(r=200),s.height=r):\"link\"===t.message&&(r=new URL(s.getAttribute(\"src\")),n=new URL(t.value),c.test(n.protocol))&&n.host===r.host&&l.activeElement===s&&(d.top.location.href=t.value))}},d.addEventListener(\"message\",d.wp.receiveEmbedMessage,!1),l.addEventListener(\"DOMContentLoaded\",function(){for(var e,t,s=l.querySelectorAll(\"iframe.wp-embedded-content\"),r=0;r<s.length;r++)(t=(e=s[r]).getAttribute(\"data-secret\"))||(t=Math.random().toString(36).substring(2,12),e.src+=\"#?secret=\"+t,e.setAttribute(\"data-secret\",t)),e.contentWindow.postMessage({message:\"ready\",secret:t},\"*\")},!1)))}(window,document);\n\/\/# sourceURL=https:\/\/associationfanarenana.org\/wp-includes\/js\/wp-embed.min.js\n<\/script>\n","description":"NOTRE VOLET SOCIAL Le volet social est consacr\u00e9 \u00e0 la prise en charge des aspects psychologiques et sociaux des b\u00e9n\u00e9ficiaires. Le soutien apport\u00e9 par les actions de ce volet profite aussi bien aux b\u00e9n\u00e9ficiaires qu\u2019\u00e0 leurs proches, par le biais de programmes sp\u00e9cifiques pour r\u00e9pondre \u00e0 leurs besoins psycho-\u00e9motionnels et sociaux. [SOCIAL] Assistance sociale Donec [&hellip;]","thumbnail_url":"https:\/\/associationfanarenana.org\/wp-content\/uploads\/2024\/03\/image3-1024x768.jpeg"}