{"id":3303,"date":"2024-03-06T11:50:47","date_gmt":"2024-03-06T10:50:47","guid":{"rendered":"https:\/\/associationfanarenana.org\/?page_id=3303"},"modified":"2024-06-20T19:34:12","modified_gmt":"2024-06-20T17:34:12","slug":"les-sejours-therapeutiques","status":"publish","type":"page","link":"https:\/\/associationfanarenana.org\/index.php\/autres-activites\/les-sejours-therapeutiques\/","title":{"rendered":"Les s\u00e9jours th\u00e9rapeutiques"},"content":{"rendered":"\t\t<div data-elementor-type=\"wp-page\" data-elementor-id=\"3303\" class=\"elementor elementor-3303\">\n\t\t\t\t<div class=\"elementor-element elementor-element-1708ae1 e-flex e-con-boxed wpr-particle-no wpr-jarallax-no wpr-parallax-no wpr-sticky-section-no e-con e-parent\" data-id=\"1708ae1\" data-element_type=\"container\" data-e-type=\"container\" data-settings=\"{&quot;background_background&quot;:&quot;classic&quot;}\">\n\t\t\t\t\t<div class=\"e-con-inner\">\n\t\t<div class=\"elementor-element elementor-element-ed6ebcc e-con-full e-flex wpr-particle-no wpr-jarallax-no wpr-parallax-no wpr-sticky-section-no e-con e-child\" data-id=\"ed6ebcc\" data-element_type=\"container\" data-e-type=\"container\" data-settings=\"{&quot;background_background&quot;:&quot;classic&quot;}\">\n\t\t\t\t<div class=\"elementor-element elementor-element-f7d9223 elementor-invisible elementor-widget elementor-widget-heading\" data-id=\"f7d9223\" data-element_type=\"widget\" data-e-type=\"widget\" data-settings=\"{&quot;_animation&quot;:&quot;fadeInDown&quot;}\" data-widget_type=\"heading.default\">\n\t\t\t\t<div class=\"elementor-widget-container\">\n\t\t\t\t\t<h1 class=\"elementor-heading-title elementor-size-default\">Les s\u00e9jours th\u00e9rapeutiques<\/h1>\t\t\t\t<\/div>\n\t\t\t\t<\/div>\n\t\t\t\t<div class=\"elementor-element elementor-element-fe1b765 elementor-widget-divider--view-line elementor-widget elementor-widget-divider\" data-id=\"fe1b765\" data-element_type=\"widget\" data-e-type=\"widget\" data-widget_type=\"divider.default\">\n\t\t\t\t<div class=\"elementor-widget-container\">\n\t\t\t\t\t\t\t<div class=\"elementor-divider\">\n\t\t\t<span class=\"elementor-divider-separator\">\n\t\t\t\t\t\t<\/span>\n\t\t<\/div>\n\t\t\t\t\t\t<\/div>\n\t\t\t\t<\/div>\n\t\t\t\t<\/div>\n\t\t\t\t\t<\/div>\n\t\t\t\t<\/div>\n\t\t\t\t<section class=\"elementor-section elementor-top-section elementor-element elementor-element-610927d elementor-section-content-middle elementor-section-boxed elementor-section-height-default elementor-section-height-default wpr-particle-no wpr-jarallax-no wpr-parallax-no wpr-sticky-section-no\" data-id=\"610927d\" data-element_type=\"section\" data-e-type=\"section\" data-settings=\"{&quot;background_background&quot;:&quot;classic&quot;}\">\n\t\t\t\t\t\t\t<div class=\"elementor-background-overlay\"><\/div>\n\t\t\t\t\t\t\t<div class=\"elementor-container elementor-column-gap-wider\">\n\t\t\t\t\t<div class=\"elementor-column elementor-col-50 elementor-top-column elementor-element elementor-element-37314913\" data-id=\"37314913\" data-element_type=\"column\" data-e-type=\"column\">\n\t\t\t<div class=\"elementor-widget-wrap elementor-element-populated\">\n\t\t\t\t\t\t<div class=\"elementor-element elementor-element-710cec59 elementor-invisible elementor-widget elementor-widget-text-editor\" data-id=\"710cec59\" data-element_type=\"widget\" data-e-type=\"widget\" data-settings=\"{&quot;_animation&quot;:&quot;fadeInUp&quot;,&quot;_animation_delay&quot;:400}\" data-widget_type=\"text-editor.default\">\n\t\t\t\t<div class=\"elementor-widget-container\">\n\t\t\t\t\t\t\t\t\t<p>L&rsquo;ACTIVIT\u00e9<\/p>\t\t\t\t\t\t\t\t<\/div>\n\t\t\t\t<\/div>\n\t\t\t\t<div class=\"elementor-element elementor-element-5502ab60 elementor-widget-divider--view-line elementor-widget elementor-widget-divider\" data-id=\"5502ab60\" data-element_type=\"widget\" data-e-type=\"widget\" data-widget_type=\"divider.default\">\n\t\t\t\t<div class=\"elementor-widget-container\">\n\t\t\t\t\t\t\t<div class=\"elementor-divider\">\n\t\t\t<span class=\"elementor-divider-separator\">\n\t\t\t\t\t\t<\/span>\n\t\t<\/div>\n\t\t\t\t\t\t<\/div>\n\t\t\t\t<\/div>\n\t\t\t\t<div class=\"elementor-element elementor-element-4dc2b0dd elementor-widget elementor-widget-text-editor\" data-id=\"4dc2b0dd\" data-element_type=\"widget\" data-e-type=\"widget\" data-widget_type=\"text-editor.default\">\n\t\t\t\t<div class=\"elementor-widget-container\">\n\t\t\t\t\t\t\t\t\t<p>L&rsquo;association organise des d\u00e9placements vers d&rsquo;autres r\u00e9gions de Madagascar pour les enfants et parfois les jeunes, offrant ainsi l&rsquo;opportunit\u00e9 de d\u00e9couvrir de nouvelles villes. Ces voyages sont con\u00e7us dans le but de favoriser leur autonomie tout en continuant leur r\u00e9\u00e9ducation dans un environnement diff\u00e9rent.<\/p><p>Ces s\u00e9jours offrent aux jeunes et aux enfants l&rsquo;occasion de s&rsquo;immerger dans des exp\u00e9riences uniques, telle que la possibilit\u00e9 de contempler la mer pour la premi\u00e8re fois, de se baigner et de vivre des moments m\u00e9morables. Ainsi, ces d\u00e9placements ne sont pas seulement des moments de r\u00e9\u00e9ducation, mais aussi des opportunit\u00e9s enrichissantes pour une croissance globale.<\/p>\t\t\t\t\t\t\t\t<\/div>\n\t\t\t\t<\/div>\n\t\t\t\t<div class=\"elementor-element elementor-element-1ac423d1 elementor-icon-list--layout-traditional elementor-list-item-link-full_width elementor-widget elementor-widget-icon-list\" data-id=\"1ac423d1\" data-element_type=\"widget\" data-e-type=\"widget\" data-widget_type=\"icon-list.default\">\n\t\t\t\t<div class=\"elementor-widget-container\">\n\t\t\t\t\t\t\t<ul class=\"elementor-icon-list-items\">\n\t\t\t\t\t\t\t<li class=\"elementor-icon-list-item\">\n\t\t\t\t\t\t\t\t\t\t\t<span class=\"elementor-icon-list-icon\">\n\t\t\t\t\t\t\t<i aria-hidden=\"true\" class=\"far fa-check-circle\"><\/i>\t\t\t\t\t\t<\/span>\n\t\t\t\t\t\t\t\t\t\t<span class=\"elementor-icon-list-text\">Travailler l'autonomie des enfants et des jeunes <\/span>\n\t\t\t\t\t\t\t\t\t<\/li>\n\t\t\t\t\t\t\t\t<li class=\"elementor-icon-list-item\">\n\t\t\t\t\t\t\t\t\t\t\t<span class=\"elementor-icon-list-icon\">\n\t\t\t\t\t\t\t<i aria-hidden=\"true\" class=\"far fa-check-circle\"><\/i>\t\t\t\t\t\t<\/span>\n\t\t\t\t\t\t\t\t\t\t<span class=\"elementor-icon-list-text\">Poursuivre la r\u00e9\u00e9ducation dans de nouveaux contextes<\/span>\n\t\t\t\t\t\t\t\t\t<\/li>\n\t\t\t\t\t\t\t\t<li class=\"elementor-icon-list-item\">\n\t\t\t\t\t\t\t\t\t\t\t<span class=\"elementor-icon-list-icon\">\n\t\t\t\t\t\t\t<i aria-hidden=\"true\" class=\"far fa-check-circle\"><\/i>\t\t\t\t\t\t<\/span>\n\t\t\t\t\t\t\t\t\t\t<span class=\"elementor-icon-list-text\">Offrir aux enfants et jeunes une opportunit\u00e9 de voyage  <\/span>\n\t\t\t\t\t\t\t\t\t<\/li>\n\t\t\t\t\t\t\t\t<li class=\"elementor-icon-list-item\">\n\t\t\t\t\t\t\t\t\t\t\t<span class=\"elementor-icon-list-icon\">\n\t\t\t\t\t\t\t<i aria-hidden=\"true\" class=\"far fa-check-circle\"><\/i>\t\t\t\t\t\t<\/span>\n\t\t\t\t\t\t\t\t\t\t<span class=\"elementor-icon-list-text\">Vivre de nouvelles exp\u00e9riences m\u00e9morables <\/span>\n\t\t\t\t\t\t\t\t\t<\/li>\n\t\t\t\t\t\t<\/ul>\n\t\t\t\t\t\t<\/div>\n\t\t\t\t<\/div>\n\t\t\t\t\t<\/div>\n\t\t<\/div>\n\t\t\t\t<div class=\"elementor-column elementor-col-50 elementor-top-column elementor-element elementor-element-120aee9a\" data-id=\"120aee9a\" data-element_type=\"column\" data-e-type=\"column\">\n\t\t\t<div class=\"elementor-widget-wrap elementor-element-populated\">\n\t\t\t\t\t\t<section class=\"elementor-section elementor-inner-section elementor-element elementor-element-4ad74018 elementor-section-boxed elementor-section-height-default elementor-section-height-default wpr-particle-no wpr-jarallax-no wpr-parallax-no wpr-sticky-section-no\" data-id=\"4ad74018\" data-element_type=\"section\" data-e-type=\"section\">\n\t\t\t\t\t\t<div class=\"elementor-container elementor-column-gap-no\">\n\t\t\t\t\t<div class=\"elementor-column elementor-col-50 elementor-inner-column elementor-element elementor-element-70dff48d\" data-id=\"70dff48d\" data-element_type=\"column\" data-e-type=\"column\">\n\t\t\t<div class=\"elementor-widget-wrap elementor-element-populated\">\n\t\t\t\t\t\t<div class=\"elementor-element elementor-element-69d30aac elementor-widget elementor-widget-image\" data-id=\"69d30aac\" data-element_type=\"widget\" data-e-type=\"widget\" data-widget_type=\"image.default\">\n\t\t\t\t<div class=\"elementor-widget-container\">\n\t\t\t\t\t\t\t\t\t\t\t\t\t\t\t\t<a href=\"https:\/\/associationfanarenana.org\/wp-content\/uploads\/2024\/03\/IMG-20220912-WA0120.jpg\" data-elementor-open-lightbox=\"yes\" data-elementor-lightbox-title=\"s\u00e9jour th\u00e9rapeutique\" data-e-action-hash=\"#elementor-action%3Aaction%3Dlightbox%26settings%3DeyJpZCI6NDEyMywidXJsIjoiaHR0cHM6XC9cL2Fzc29jaWF0aW9uZmFuYXJlbmFuYS5vcmdcL3dwLWNvbnRlbnRcL3VwbG9hZHNcLzIwMjRcLzAzXC9JTUctMjAyMjA5MTItV0EwMTIwLmpwZyJ9\">\n\t\t\t\t\t\t\t<img decoding=\"async\" src=\"https:\/\/associationfanarenana.org\/wp-content\/uploads\/elementor\/thumbs\/IMG-20220912-WA0120-qkwxjwrnhayxz2w6bltq5qu9dd5k9b26mr57sekz8w.jpg\" title=\"s\u00e9jour th\u00e9rapeutique\" alt=\"s\u00e9jour th\u00e9rapeutique\" loading=\"lazy\" \/>\t\t\t\t\t\t\t\t<\/a>\n\t\t\t\t\t\t\t\t\t\t\t\t\t\t\t<\/div>\n\t\t\t\t<\/div>\n\t\t\t\t<div class=\"elementor-element elementor-element-f2f517f elementor-widget elementor-widget-image\" data-id=\"f2f517f\" data-element_type=\"widget\" data-e-type=\"widget\" data-widget_type=\"image.default\">\n\t\t\t\t<div class=\"elementor-widget-container\">\n\t\t\t\t\t\t\t\t\t\t\t\t\t\t\t\t<a href=\"https:\/\/associationfanarenana.org\/wp-content\/uploads\/2024\/03\/2022_02_18_14_53_IMG_22461-scaled.jpg\" data-elementor-open-lightbox=\"yes\" data-elementor-lightbox-title=\"s\u00e9jour th\u00e9rapeutique\" data-e-action-hash=\"#elementor-action%3Aaction%3Dlightbox%26settings%3DeyJpZCI6NDEyMiwidXJsIjoiaHR0cHM6XC9cL2Fzc29jaWF0aW9uZmFuYXJlbmFuYS5vcmdcL3dwLWNvbnRlbnRcL3VwbG9hZHNcLzIwMjRcLzAzXC8yMDIyXzAyXzE4XzE0XzUzX0lNR18yMjQ2MS1zY2FsZWQuanBnIn0%3D\">\n\t\t\t\t\t\t\t<img decoding=\"async\" src=\"https:\/\/associationfanarenana.org\/wp-content\/uploads\/elementor\/thumbs\/2022_02_18_14_53_IMG_22461-scaled-qkwxjty4wsv30909s2lug9jvl7jgm7qzmd6rckp5rk.jpg\" title=\"s\u00e9jour th\u00e9rapeutique\" alt=\"s\u00e9jour th\u00e9rapeutique\" loading=\"lazy\" \/>\t\t\t\t\t\t\t\t<\/a>\n\t\t\t\t\t\t\t\t\t\t\t\t\t\t\t<\/div>\n\t\t\t\t<\/div>\n\t\t\t\t\t<\/div>\n\t\t<\/div>\n\t\t\t\t<div class=\"elementor-column elementor-col-50 elementor-inner-column elementor-element elementor-element-595cb6e1\" data-id=\"595cb6e1\" data-element_type=\"column\" data-e-type=\"column\">\n\t\t\t<div class=\"elementor-widget-wrap elementor-element-populated\">\n\t\t\t\t\t\t<div class=\"elementor-element elementor-element-3f62b9c elementor-widget elementor-widget-spacer\" data-id=\"3f62b9c\" data-element_type=\"widget\" data-e-type=\"widget\" data-widget_type=\"spacer.default\">\n\t\t\t\t<div class=\"elementor-widget-container\">\n\t\t\t\t\t\t\t<div class=\"elementor-spacer\">\n\t\t\t<div class=\"elementor-spacer-inner\"><\/div>\n\t\t<\/div>\n\t\t\t\t\t\t<\/div>\n\t\t\t\t<\/div>\n\t\t\t\t<div class=\"elementor-element elementor-element-5720c7aa elementor-widget elementor-widget-image\" data-id=\"5720c7aa\" data-element_type=\"widget\" data-e-type=\"widget\" data-widget_type=\"image.default\">\n\t\t\t\t<div class=\"elementor-widget-container\">\n\t\t\t\t\t\t\t\t\t\t\t\t\t\t\t\t<a href=\"https:\/\/associationfanarenana.org\/wp-content\/uploads\/2024\/03\/IMG_20201120_115229-scaled.jpg\" data-elementor-open-lightbox=\"yes\" data-elementor-lightbox-title=\"s\u00e9jour th\u00e9rapeutique\" data-e-action-hash=\"#elementor-action%3Aaction%3Dlightbox%26settings%3DeyJpZCI6NDEyMSwidXJsIjoiaHR0cHM6XC9cL2Fzc29jaWF0aW9uZmFuYXJlbmFuYS5vcmdcL3dwLWNvbnRlbnRcL3VwbG9hZHNcLzIwMjRcLzAzXC9JTUdfMjAyMDExMjBfMTE1MjI5LXNjYWxlZC5qcGcifQ%3D%3D\">\n\t\t\t\t\t\t\t<img decoding=\"async\" src=\"https:\/\/associationfanarenana.org\/wp-content\/uploads\/elementor\/thumbs\/IMG_20201120_115229-scaled-qkwxjob3rsnd2l8gp0631az40wb9c14lll9ugwxisw.jpg\" title=\"s\u00e9jour th\u00e9rapeutique\" alt=\"smart\" loading=\"lazy\" \/>\t\t\t\t\t\t\t\t<\/a>\n\t\t\t\t\t\t\t\t\t\t\t\t\t\t\t<\/div>\n\t\t\t\t<\/div>\n\t\t\t\t\t<\/div>\n\t\t<\/div>\n\t\t\t\t\t<\/div>\n\t\t<\/section>\n\t\t\t\t\t<\/div>\n\t\t<\/div>\n\t\t\t\t\t<\/div>\n\t\t<\/section>\n\t\t\t\t<\/div>\n\t\t","protected":false},"excerpt":{"rendered":"<p>Les s\u00e9jours th\u00e9rapeutiques L&rsquo;ACTIVIT\u00e9 L&rsquo;association organise des d\u00e9placements vers d&rsquo;autres r\u00e9gions de Madagascar pour les enfants et parfois les jeunes, offrant ainsi l&rsquo;opportunit\u00e9 de d\u00e9couvrir de nouvelles villes. Ces voyages sont con\u00e7us dans le but de favoriser leur autonomie tout en continuant leur r\u00e9\u00e9ducation dans un environnement diff\u00e9rent. Ces s\u00e9jours offrent aux jeunes et aux [&hellip;]<\/p>\n","protected":false},"author":1,"featured_media":0,"parent":67,"menu_order":0,"comment_status":"closed","ping_status":"closed","template":"","meta":{"footnotes":""},"class_list":["post-3303","page","type-page","status-publish","hentry"],"blocksy_meta":[],"yoast_head":"<!-- This site is optimized with the Yoast SEO plugin v22.2 - https:\/\/yoast.com\/wordpress\/plugins\/seo\/ -->\n<title>Les s\u00e9jours th\u00e9rapeutiques - Association Fanarenana<\/title>\n<meta name=\"robots\" content=\"index, follow, max-snippet:-1, max-image-preview:large, max-video-preview:-1\" \/>\n<link rel=\"canonical\" href=\"https:\/\/associationfanarenana.org\/index.php\/autres-activites\/les-sejours-therapeutiques\/\" \/>\n<meta property=\"og:locale\" content=\"fr_FR\" \/>\n<meta property=\"og:type\" content=\"article\" \/>\n<meta property=\"og:title\" content=\"Les s\u00e9jours th\u00e9rapeutiques - Association Fanarenana\" \/>\n<meta property=\"og:description\" content=\"Les s\u00e9jours th\u00e9rapeutiques L&rsquo;ACTIVIT\u00e9 L&rsquo;association organise des d\u00e9placements vers d&rsquo;autres r\u00e9gions de Madagascar pour les enfants et parfois les jeunes, offrant ainsi l&rsquo;opportunit\u00e9 de d\u00e9couvrir de nouvelles villes. Ces voyages sont con\u00e7us dans le but de favoriser leur autonomie tout en continuant leur r\u00e9\u00e9ducation dans un environnement diff\u00e9rent. Ces s\u00e9jours offrent aux jeunes et aux [&hellip;]\" \/>\n<meta property=\"og:url\" content=\"https:\/\/associationfanarenana.org\/index.php\/autres-activites\/les-sejours-therapeutiques\/\" \/>\n<meta property=\"og:site_name\" content=\"Association Fanarenana\" \/>\n<meta property=\"article:modified_time\" content=\"2024-06-20T17:34:12+00:00\" \/>\n<meta property=\"og:image\" content=\"https:\/\/associationfanarenana.org\/wp-content\/uploads\/elementor\/thumbs\/IMG-20220912-WA0120-qkwxjwrnhayxz2w6bltq5qu9dd5k9b26mr57sekz8w.jpg\" \/>\n<meta name=\"twitter:card\" content=\"summary_large_image\" \/>\n<meta name=\"twitter:label1\" content=\"Dur\u00e9e de lecture estim\u00e9e\" \/>\n\t<meta name=\"twitter:data1\" content=\"2 minutes\" \/>\n<script type=\"application\/ld+json\" class=\"yoast-schema-graph\">{\"@context\":\"https:\/\/schema.org\",\"@graph\":[{\"@type\":\"WebPage\",\"@id\":\"https:\/\/associationfanarenana.org\/index.php\/autres-activites\/les-sejours-therapeutiques\/\",\"url\":\"https:\/\/associationfanarenana.org\/index.php\/autres-activites\/les-sejours-therapeutiques\/\",\"name\":\"Les s\u00e9jours th\u00e9rapeutiques - Association Fanarenana\",\"isPartOf\":{\"@id\":\"https:\/\/associationfanarenana.org\/#website\"},\"primaryImageOfPage\":{\"@id\":\"https:\/\/associationfanarenana.org\/index.php\/autres-activites\/les-sejours-therapeutiques\/#primaryimage\"},\"image\":{\"@id\":\"https:\/\/associationfanarenana.org\/index.php\/autres-activites\/les-sejours-therapeutiques\/#primaryimage\"},\"thumbnailUrl\":\"https:\/\/associationfanarenana.org\/wp-content\/uploads\/elementor\/thumbs\/IMG-20220912-WA0120-qkwxjwrnhayxz2w6bltq5qu9dd5k9b26mr57sekz8w.jpg\",\"datePublished\":\"2024-03-06T10:50:47+00:00\",\"dateModified\":\"2024-06-20T17:34:12+00:00\",\"breadcrumb\":{\"@id\":\"https:\/\/associationfanarenana.org\/index.php\/autres-activites\/les-sejours-therapeutiques\/#breadcrumb\"},\"inLanguage\":\"fr-FR\",\"potentialAction\":[{\"@type\":\"ReadAction\",\"target\":[\"https:\/\/associationfanarenana.org\/index.php\/autres-activites\/les-sejours-therapeutiques\/\"]}]},{\"@type\":\"ImageObject\",\"inLanguage\":\"fr-FR\",\"@id\":\"https:\/\/associationfanarenana.org\/index.php\/autres-activites\/les-sejours-therapeutiques\/#primaryimage\",\"url\":\"https:\/\/associationfanarenana.org\/wp-content\/uploads\/elementor\/thumbs\/IMG-20220912-WA0120-qkwxjwrnhayxz2w6bltq5qu9dd5k9b26mr57sekz8w.jpg\",\"contentUrl\":\"https:\/\/associationfanarenana.org\/wp-content\/uploads\/elementor\/thumbs\/IMG-20220912-WA0120-qkwxjwrnhayxz2w6bltq5qu9dd5k9b26mr57sekz8w.jpg\"},{\"@type\":\"BreadcrumbList\",\"@id\":\"https:\/\/associationfanarenana.org\/index.php\/autres-activites\/les-sejours-therapeutiques\/#breadcrumb\",\"itemListElement\":[{\"@type\":\"ListItem\",\"position\":1,\"name\":\"Accueil\",\"item\":\"https:\/\/associationfanarenana.org\/\"},{\"@type\":\"ListItem\",\"position\":2,\"name\":\"Autres activit\u00e9s\",\"item\":\"https:\/\/associationfanarenana.org\/index.php\/autres-activites\/\"},{\"@type\":\"ListItem\",\"position\":3,\"name\":\"Les s\u00e9jours th\u00e9rapeutiques\"}]},{\"@type\":\"WebSite\",\"@id\":\"https:\/\/associationfanarenana.org\/#website\",\"url\":\"https:\/\/associationfanarenana.org\/\",\"name\":\"Association Fanarenana\",\"description\":\"Promouvoir la r\u00e9adaptation des enfants et jeunes en situation de handicap \u00e0 Madagasacar\",\"publisher\":{\"@id\":\"https:\/\/associationfanarenana.org\/#organization\"},\"potentialAction\":[{\"@type\":\"SearchAction\",\"target\":{\"@type\":\"EntryPoint\",\"urlTemplate\":\"https:\/\/associationfanarenana.org\/?s={search_term_string}\"},\"query-input\":\"required name=search_term_string\"}],\"inLanguage\":\"fr-FR\"},{\"@type\":\"Organization\",\"@id\":\"https:\/\/associationfanarenana.org\/#organization\",\"name\":\"Association Fanarenana\",\"url\":\"https:\/\/associationfanarenana.org\/\",\"logo\":{\"@type\":\"ImageObject\",\"inLanguage\":\"fr-FR\",\"@id\":\"https:\/\/associationfanarenana.org\/#\/schema\/logo\/image\/\",\"url\":\"https:\/\/associationfanarenana.org\/wp-content\/uploads\/2023\/12\/Logo_Fanarenana1.png\",\"contentUrl\":\"https:\/\/associationfanarenana.org\/wp-content\/uploads\/2023\/12\/Logo_Fanarenana1.png\",\"width\":488,\"height\":405,\"caption\":\"Association Fanarenana\"},\"image\":{\"@id\":\"https:\/\/associationfanarenana.org\/#\/schema\/logo\/image\/\"},\"sameAs\":[\"https:\/\/www.instagram.com\/association_fanarenana\/\"]}]}<\/script>\n<!-- \/ Yoast SEO plugin. -->","yoast_head_json":{"title":"Les s\u00e9jours th\u00e9rapeutiques - Association Fanarenana","robots":{"index":"index","follow":"follow","max-snippet":"max-snippet:-1","max-image-preview":"max-image-preview:large","max-video-preview":"max-video-preview:-1"},"canonical":"https:\/\/associationfanarenana.org\/index.php\/autres-activites\/les-sejours-therapeutiques\/","og_locale":"fr_FR","og_type":"article","og_title":"Les s\u00e9jours th\u00e9rapeutiques - Association Fanarenana","og_description":"Les s\u00e9jours th\u00e9rapeutiques L&rsquo;ACTIVIT\u00e9 L&rsquo;association organise des d\u00e9placements vers d&rsquo;autres r\u00e9gions de Madagascar pour les enfants et parfois les jeunes, offrant ainsi l&rsquo;opportunit\u00e9 de d\u00e9couvrir de nouvelles villes. Ces voyages sont con\u00e7us dans le but de favoriser leur autonomie tout en continuant leur r\u00e9\u00e9ducation dans un environnement diff\u00e9rent. Ces s\u00e9jours offrent aux jeunes et aux [&hellip;]","og_url":"https:\/\/associationfanarenana.org\/index.php\/autres-activites\/les-sejours-therapeutiques\/","og_site_name":"Association Fanarenana","article_modified_time":"2024-06-20T17:34:12+00:00","og_image":[{"url":"https:\/\/associationfanarenana.org\/wp-content\/uploads\/elementor\/thumbs\/IMG-20220912-WA0120-qkwxjwrnhayxz2w6bltq5qu9dd5k9b26mr57sekz8w.jpg"}],"twitter_card":"summary_large_image","twitter_misc":{"Dur\u00e9e de lecture estim\u00e9e":"2 minutes"},"schema":{"@context":"https:\/\/schema.org","@graph":[{"@type":"WebPage","@id":"https:\/\/associationfanarenana.org\/index.php\/autres-activites\/les-sejours-therapeutiques\/","url":"https:\/\/associationfanarenana.org\/index.php\/autres-activites\/les-sejours-therapeutiques\/","name":"Les s\u00e9jours th\u00e9rapeutiques - Association Fanarenana","isPartOf":{"@id":"https:\/\/associationfanarenana.org\/#website"},"primaryImageOfPage":{"@id":"https:\/\/associationfanarenana.org\/index.php\/autres-activites\/les-sejours-therapeutiques\/#primaryimage"},"image":{"@id":"https:\/\/associationfanarenana.org\/index.php\/autres-activites\/les-sejours-therapeutiques\/#primaryimage"},"thumbnailUrl":"https:\/\/associationfanarenana.org\/wp-content\/uploads\/elementor\/thumbs\/IMG-20220912-WA0120-qkwxjwrnhayxz2w6bltq5qu9dd5k9b26mr57sekz8w.jpg","datePublished":"2024-03-06T10:50:47+00:00","dateModified":"2024-06-20T17:34:12+00:00","breadcrumb":{"@id":"https:\/\/associationfanarenana.org\/index.php\/autres-activites\/les-sejours-therapeutiques\/#breadcrumb"},"inLanguage":"fr-FR","potentialAction":[{"@type":"ReadAction","target":["https:\/\/associationfanarenana.org\/index.php\/autres-activites\/les-sejours-therapeutiques\/"]}]},{"@type":"ImageObject","inLanguage":"fr-FR","@id":"https:\/\/associationfanarenana.org\/index.php\/autres-activites\/les-sejours-therapeutiques\/#primaryimage","url":"https:\/\/associationfanarenana.org\/wp-content\/uploads\/elementor\/thumbs\/IMG-20220912-WA0120-qkwxjwrnhayxz2w6bltq5qu9dd5k9b26mr57sekz8w.jpg","contentUrl":"https:\/\/associationfanarenana.org\/wp-content\/uploads\/elementor\/thumbs\/IMG-20220912-WA0120-qkwxjwrnhayxz2w6bltq5qu9dd5k9b26mr57sekz8w.jpg"},{"@type":"BreadcrumbList","@id":"https:\/\/associationfanarenana.org\/index.php\/autres-activites\/les-sejours-therapeutiques\/#breadcrumb","itemListElement":[{"@type":"ListItem","position":1,"name":"Accueil","item":"https:\/\/associationfanarenana.org\/"},{"@type":"ListItem","position":2,"name":"Autres activit\u00e9s","item":"https:\/\/associationfanarenana.org\/index.php\/autres-activites\/"},{"@type":"ListItem","position":3,"name":"Les s\u00e9jours th\u00e9rapeutiques"}]},{"@type":"WebSite","@id":"https:\/\/associationfanarenana.org\/#website","url":"https:\/\/associationfanarenana.org\/","name":"Association Fanarenana","description":"Promouvoir la r\u00e9adaptation des enfants et jeunes en situation de handicap \u00e0 Madagasacar","publisher":{"@id":"https:\/\/associationfanarenana.org\/#organization"},"potentialAction":[{"@type":"SearchAction","target":{"@type":"EntryPoint","urlTemplate":"https:\/\/associationfanarenana.org\/?s={search_term_string}"},"query-input":"required name=search_term_string"}],"inLanguage":"fr-FR"},{"@type":"Organization","@id":"https:\/\/associationfanarenana.org\/#organization","name":"Association Fanarenana","url":"https:\/\/associationfanarenana.org\/","logo":{"@type":"ImageObject","inLanguage":"fr-FR","@id":"https:\/\/associationfanarenana.org\/#\/schema\/logo\/image\/","url":"https:\/\/associationfanarenana.org\/wp-content\/uploads\/2023\/12\/Logo_Fanarenana1.png","contentUrl":"https:\/\/associationfanarenana.org\/wp-content\/uploads\/2023\/12\/Logo_Fanarenana1.png","width":488,"height":405,"caption":"Association Fanarenana"},"image":{"@id":"https:\/\/associationfanarenana.org\/#\/schema\/logo\/image\/"},"sameAs":["https:\/\/www.instagram.com\/association_fanarenana\/"]}]}},"_links":{"self":[{"href":"https:\/\/associationfanarenana.org\/index.php\/wp-json\/wp\/v2\/pages\/3303","targetHints":{"allow":["GET"]}}],"collection":[{"href":"https:\/\/associationfanarenana.org\/index.php\/wp-json\/wp\/v2\/pages"}],"about":[{"href":"https:\/\/associationfanarenana.org\/index.php\/wp-json\/wp\/v2\/types\/page"}],"author":[{"embeddable":true,"href":"https:\/\/associationfanarenana.org\/index.php\/wp-json\/wp\/v2\/users\/1"}],"replies":[{"embeddable":true,"href":"https:\/\/associationfanarenana.org\/index.php\/wp-json\/wp\/v2\/comments?post=3303"}],"version-history":[{"count":40,"href":"https:\/\/associationfanarenana.org\/index.php\/wp-json\/wp\/v2\/pages\/3303\/revisions"}],"predecessor-version":[{"id":5759,"href":"https:\/\/associationfanarenana.org\/index.php\/wp-json\/wp\/v2\/pages\/3303\/revisions\/5759"}],"up":[{"embeddable":true,"href":"https:\/\/associationfanarenana.org\/index.php\/wp-json\/wp\/v2\/pages\/67"}],"wp:attachment":[{"href":"https:\/\/associationfanarenana.org\/index.php\/wp-json\/wp\/v2\/media?parent=3303"}],"curies":[{"name":"wp","href":"https:\/\/api.w.org\/{rel}","templated":true}]}}