{"id":3305,"date":"2024-03-06T11:53:01","date_gmt":"2024-03-06T10:53:01","guid":{"rendered":"https:\/\/associationfanarenana.org\/?page_id=3305"},"modified":"2024-06-20T19:37:13","modified_gmt":"2024-06-20T17:37:13","slug":"les-semaines-de-bilans-et-reeducations-pour-tous","status":"publish","type":"page","link":"https:\/\/associationfanarenana.org\/index.php\/autres-activites\/les-semaines-de-bilans-et-reeducations-pour-tous\/","title":{"rendered":"Les semaines de bilans et r\u00e9\u00e9ducations pour tous"},"content":{"rendered":"\t\t<div data-elementor-type=\"wp-page\" data-elementor-id=\"3305\" class=\"elementor elementor-3305\">\n\t\t\t\t\t\t<section class=\"elementor-section elementor-top-section elementor-element elementor-element-23b7d2a ct-section-stretched elementor-section-boxed elementor-section-height-default elementor-section-height-default wpr-particle-no wpr-jarallax-no wpr-parallax-no wpr-sticky-section-no\" data-id=\"23b7d2a\" data-element_type=\"section\" data-e-type=\"section\" data-settings=\"{&quot;background_background&quot;:&quot;classic&quot;}\">\n\t\t\t\t\t\t\t<div class=\"elementor-background-overlay\"><\/div>\n\t\t\t\t\t\t\t<div class=\"elementor-container elementor-column-gap-extended\">\n\t\t\t\t\t<div class=\"elementor-column elementor-col-100 elementor-top-column elementor-element elementor-element-33664999\" data-id=\"33664999\" data-element_type=\"column\" data-e-type=\"column\">\n\t\t\t<div class=\"elementor-widget-wrap elementor-element-populated\">\n\t\t\t\t\t\t<div class=\"elementor-element elementor-element-6b5b8969 elementor-invisible elementor-widget elementor-widget-heading\" data-id=\"6b5b8969\" data-element_type=\"widget\" data-e-type=\"widget\" data-settings=\"{&quot;_animation&quot;:&quot;fadeInDown&quot;}\" data-widget_type=\"heading.default\">\n\t\t\t\t<div class=\"elementor-widget-container\">\n\t\t\t\t\t<h1 class=\"elementor-heading-title elementor-size-default\">LES SEMAINES DE BILAN<br> &amp; DE R\u00c9\u00c9DUCATION POUR TOUS<\/h1>\t\t\t\t<\/div>\n\t\t\t\t<\/div>\n\t\t\t\t<div class=\"elementor-element elementor-element-d8dfe96 elementor-widget-divider--view-line elementor-widget elementor-widget-divider\" data-id=\"d8dfe96\" data-element_type=\"widget\" data-e-type=\"widget\" data-widget_type=\"divider.default\">\n\t\t\t\t<div class=\"elementor-widget-container\">\n\t\t\t\t\t\t\t<div class=\"elementor-divider\">\n\t\t\t<span class=\"elementor-divider-separator\">\n\t\t\t\t\t\t<\/span>\n\t\t<\/div>\n\t\t\t\t\t\t<\/div>\n\t\t\t\t<\/div>\n\t\t\t\t\t<\/div>\n\t\t<\/div>\n\t\t\t\t\t<\/div>\n\t\t<\/section>\n\t\t\t\t<section class=\"elementor-section elementor-top-section elementor-element elementor-element-2fd0ccc8 elementor-section-content-middle elementor-section-boxed elementor-section-height-default elementor-section-height-default wpr-particle-no wpr-jarallax-no wpr-parallax-no wpr-sticky-section-no\" data-id=\"2fd0ccc8\" data-element_type=\"section\" data-e-type=\"section\" data-settings=\"{&quot;background_background&quot;:&quot;classic&quot;}\">\n\t\t\t\t\t\t\t<div class=\"elementor-background-overlay\"><\/div>\n\t\t\t\t\t\t\t<div class=\"elementor-container elementor-column-gap-wider\">\n\t\t\t\t\t<div class=\"elementor-column elementor-col-50 elementor-top-column elementor-element elementor-element-5ce23f2\" data-id=\"5ce23f2\" data-element_type=\"column\" data-e-type=\"column\">\n\t\t\t<div class=\"elementor-widget-wrap elementor-element-populated\">\n\t\t\t\t\t\t<div class=\"elementor-element elementor-element-4b2daa26 elementor-invisible elementor-widget elementor-widget-heading\" data-id=\"4b2daa26\" data-element_type=\"widget\" data-e-type=\"widget\" data-settings=\"{&quot;_animation&quot;:&quot;fadeInUp&quot;,&quot;_animation_delay&quot;:400}\" data-widget_type=\"heading.default\">\n\t\t\t\t<div class=\"elementor-widget-container\">\n\t\t\t\t\t<h2 class=\"elementor-heading-title elementor-size-default\">L'ACTIVIT\u00c9<\/h2>\t\t\t\t<\/div>\n\t\t\t\t<\/div>\n\t\t\t\t<div class=\"elementor-element elementor-element-34cabc26 elementor-widget-divider--view-line elementor-widget elementor-widget-divider\" data-id=\"34cabc26\" data-element_type=\"widget\" data-e-type=\"widget\" data-widget_type=\"divider.default\">\n\t\t\t\t<div class=\"elementor-widget-container\">\n\t\t\t\t\t\t\t<div class=\"elementor-divider\">\n\t\t\t<span class=\"elementor-divider-separator\">\n\t\t\t\t\t\t<\/span>\n\t\t<\/div>\n\t\t\t\t\t\t<\/div>\n\t\t\t\t<\/div>\n\t\t\t\t<div class=\"elementor-element elementor-element-23348983 elementor-invisible elementor-widget elementor-widget-text-editor\" data-id=\"23348983\" data-element_type=\"widget\" data-e-type=\"widget\" data-settings=\"{&quot;_animation&quot;:&quot;fadeInUp&quot;,&quot;_animation_delay&quot;:400}\" data-widget_type=\"text-editor.default\">\n\t\t\t\t<div class=\"elementor-widget-container\">\n\t\t\t\t\t\t\t\t\t<p>Les semaines de bilans et conseils pour tous <\/p>\t\t\t\t\t\t\t\t<\/div>\n\t\t\t\t<\/div>\n\t\t\t\t<div class=\"elementor-element elementor-element-5442d5ab elementor-widget elementor-widget-text-editor\" data-id=\"5442d5ab\" data-element_type=\"widget\" data-e-type=\"widget\" data-widget_type=\"text-editor.default\">\n\t\t\t\t<div class=\"elementor-widget-container\">\n\t\t\t\t\t\t\t\t\t<p>Dans d\u2019autres r\u00e9gions de Madagascar o\u00f9 les professionnels manquent, une premi\u00e8re phase d\u00e9di\u00e9e \u00e0 l&rsquo;\u00e9valuation des besoins des enfants et des jeunes en situation de handicap est initi\u00e9e. Les bilans permettent de fournir des conseils et des orientations aux familles, ainsi qu&rsquo;aux professionnels qui les accompagnent (enseignants et \u00e9ducateurs). Le principal objectif est de cr\u00e9er des strat\u00e9gies adapt\u00e9es \u00e0 chaque enfant pour encourager leur d\u00e9veloppement et leur \u00e9panouissement. Cette initiative vise \u00e0 garantir un soutien personnalis\u00e9 avec pour but : leur progression et leur \u00e9panouissement.<\/p>\t\t\t\t\t\t\t\t<\/div>\n\t\t\t\t<\/div>\n\t\t\t\t<div class=\"elementor-element elementor-element-af08ff3 elementor-widget elementor-widget-spacer\" data-id=\"af08ff3\" data-element_type=\"widget\" data-e-type=\"widget\" data-widget_type=\"spacer.default\">\n\t\t\t\t<div class=\"elementor-widget-container\">\n\t\t\t\t\t\t\t<div class=\"elementor-spacer\">\n\t\t\t<div class=\"elementor-spacer-inner\"><\/div>\n\t\t<\/div>\n\t\t\t\t\t\t<\/div>\n\t\t\t\t<\/div>\n\t\t\t\t<div class=\"elementor-element elementor-element-0a9715a elementor-invisible elementor-widget elementor-widget-text-editor\" data-id=\"0a9715a\" data-element_type=\"widget\" data-e-type=\"widget\" data-settings=\"{&quot;_animation&quot;:&quot;fadeInUp&quot;,&quot;_animation_delay&quot;:400}\" data-widget_type=\"text-editor.default\">\n\t\t\t\t<div class=\"elementor-widget-container\">\n\t\t\t\t\t\t\t\t\t<p>Les semaines de r\u00c9education pour tous\u00a0<\/p>\t\t\t\t\t\t\t\t<\/div>\n\t\t\t\t<\/div>\n\t\t\t\t<div class=\"elementor-element elementor-element-5e5862c elementor-widget elementor-widget-text-editor\" data-id=\"5e5862c\" data-element_type=\"widget\" data-e-type=\"widget\" data-widget_type=\"text-editor.default\">\n\t\t\t\t<div class=\"elementor-widget-container\">\n\t\t\t\t\t\t\t\t\t<p>Apr\u00e8s cette semaine de conseil, une autre \u00e9tape est entreprise pour combler les lacunes en mati\u00e8re de professionnel disponibles. Au cours de cette semaine, l&rsquo;\u00e9quipe pluridisciplinaire de notre association s&rsquo;engage \u00e0 initier les r\u00e9\u00e9ducations n\u00e9cessaires. \u00c0 la fin de cette p\u00e9riode, des exercices et des conseils en r\u00e9\u00e9ducation sont mis \u00e0 disposition. Cela permet ainsi aux parents de continuer \u00e0 accompagner leurs enfants jusqu&rsquo;\u00e0 la prochaine semaine de r\u00e9\u00e9ducation. Notre objectif est de garantir un acc\u00e8s \u00e9quitable \u00e0 la r\u00e9\u00e9ducation pour favoriser le d\u00e9veloppement et l&rsquo;am\u00e9lioration des capacit\u00e9s des enfants en situation de handicap.<\/p>\t\t\t\t\t\t\t\t<\/div>\n\t\t\t\t<\/div>\n\t\t\t\t<div class=\"elementor-element elementor-element-52d908a elementor-widget__width-initial elementor-icon-list--layout-traditional elementor-list-item-link-full_width elementor-widget elementor-widget-icon-list\" data-id=\"52d908a\" data-element_type=\"widget\" data-e-type=\"widget\" data-widget_type=\"icon-list.default\">\n\t\t\t\t<div class=\"elementor-widget-container\">\n\t\t\t\t\t\t\t<ul class=\"elementor-icon-list-items\">\n\t\t\t\t\t\t\t<li class=\"elementor-icon-list-item\">\n\t\t\t\t\t\t\t\t\t\t\t<span class=\"elementor-icon-list-icon\">\n\t\t\t\t\t\t\t<i aria-hidden=\"true\" class=\"far fa-check-circle\"><\/i>\t\t\t\t\t\t<\/span>\n\t\t\t\t\t\t\t\t\t\t<span class=\"elementor-icon-list-text\">Permettre aux famillles d'avoir acc\u00e8s a des bilans pour mieux comprendre le handicap de leur enfants <\/span>\n\t\t\t\t\t\t\t\t\t<\/li>\n\t\t\t\t\t\t\t\t<li class=\"elementor-icon-list-item\">\n\t\t\t\t\t\t\t\t\t\t\t<span class=\"elementor-icon-list-icon\">\n\t\t\t\t\t\t\t<i aria-hidden=\"true\" class=\"far fa-check-circle\"><\/i>\t\t\t\t\t\t<\/span>\n\t\t\t\t\t\t\t\t\t\t<span class=\"elementor-icon-list-text\">Permettre l'acc\u00e8s \u00e0 une r\u00e9education pour tous les enfants et jeunes <\/span>\n\t\t\t\t\t\t\t\t\t<\/li>\n\t\t\t\t\t\t\t\t<li class=\"elementor-icon-list-item\">\n\t\t\t\t\t\t\t\t\t\t\t<span class=\"elementor-icon-list-icon\">\n\t\t\t\t\t\t\t<i aria-hidden=\"true\" class=\"far fa-check-circle\"><\/i>\t\t\t\t\t\t<\/span>\n\t\t\t\t\t\t\t\t\t\t<span class=\"elementor-icon-list-text\">Favoriser le d\u00e9veloppement et l'am\u00e9lioration des capacit\u00e9s de tous <\/span>\n\t\t\t\t\t\t\t\t\t<\/li>\n\t\t\t\t\t\t\t\t<li class=\"elementor-icon-list-item\">\n\t\t\t\t\t\t\t\t\t\t\t<span class=\"elementor-icon-list-icon\">\n\t\t\t\t\t\t\t<i aria-hidden=\"true\" class=\"far fa-check-circle\"><\/i>\t\t\t\t\t\t<\/span>\n\t\t\t\t\t\t\t\t\t\t<span class=\"elementor-icon-list-text\">Permettre aux familles d'avoir un parcours de soins adapt\u00e9s<\/span>\n\t\t\t\t\t\t\t\t\t<\/li>\n\t\t\t\t\t\t<\/ul>\n\t\t\t\t\t\t<\/div>\n\t\t\t\t<\/div>\n\t\t\t\t\t<\/div>\n\t\t<\/div>\n\t\t\t\t<div class=\"elementor-column elementor-col-50 elementor-top-column elementor-element elementor-element-1bdd64bf\" data-id=\"1bdd64bf\" data-element_type=\"column\" data-e-type=\"column\">\n\t\t\t<div class=\"elementor-widget-wrap elementor-element-populated\">\n\t\t\t\t\t\t<section class=\"elementor-section elementor-inner-section elementor-element elementor-element-36b4958 elementor-section-boxed elementor-section-height-default elementor-section-height-default wpr-particle-no wpr-jarallax-no wpr-parallax-no wpr-sticky-section-no\" data-id=\"36b4958\" data-element_type=\"section\" data-e-type=\"section\">\n\t\t\t\t\t\t<div class=\"elementor-container elementor-column-gap-no\">\n\t\t\t\t\t<div class=\"elementor-column elementor-col-50 elementor-inner-column elementor-element elementor-element-6530e887\" data-id=\"6530e887\" data-element_type=\"column\" data-e-type=\"column\">\n\t\t\t<div class=\"elementor-widget-wrap elementor-element-populated\">\n\t\t\t\t\t\t<div class=\"elementor-element elementor-element-65c280bf elementor-widget elementor-widget-image\" data-id=\"65c280bf\" data-element_type=\"widget\" data-e-type=\"widget\" data-widget_type=\"image.default\">\n\t\t\t\t<div class=\"elementor-widget-container\">\n\t\t\t\t\t\t\t\t\t\t\t\t\t\t\t\t<a href=\"https:\/\/associationfanarenana.org\/wp-content\/uploads\/2024\/03\/SAM_0619-scaled.jpg\" data-elementor-open-lightbox=\"yes\" data-elementor-lightbox-title=\"semaine de bilan &amp; r\u00e9\u00e9ducationpour tous\" data-e-action-hash=\"#elementor-action%3Aaction%3Dlightbox%26settings%3DeyJpZCI6NDIzNSwidXJsIjoiaHR0cHM6XC9cL2Fzc29jaWF0aW9uZmFuYXJlbmFuYS5vcmdcL3dwLWNvbnRlbnRcL3VwbG9hZHNcLzIwMjRcLzAzXC9TQU1fMDYxOS1zY2FsZWQuanBnIn0%3D\">\n\t\t\t\t\t\t\t<img decoding=\"async\" src=\"https:\/\/associationfanarenana.org\/wp-content\/uploads\/elementor\/thumbs\/SAM_0619-scaled-qkxgtmlleim8ip8ahywgv6s4brwq3i2kcc4vh4012o.jpg\" title=\"semaine de bilan &#038; r\u00e9\u00e9ducationpour tous\" alt=\"semaine de bilan &amp; r\u00e9\u00e9ducationpour tous\" loading=\"lazy\" \/>\t\t\t\t\t\t\t\t<\/a>\n\t\t\t\t\t\t\t\t\t\t\t\t\t\t\t<\/div>\n\t\t\t\t<\/div>\n\t\t\t\t<div class=\"elementor-element elementor-element-57566230 elementor-widget elementor-widget-image\" data-id=\"57566230\" data-element_type=\"widget\" data-e-type=\"widget\" data-widget_type=\"image.default\">\n\t\t\t\t<div class=\"elementor-widget-container\">\n\t\t\t\t\t\t\t\t\t\t\t\t\t\t\t\t<a href=\"https:\/\/associationfanarenana.org\/wp-content\/uploads\/2024\/03\/IMG20220427113229-scaled.jpg\" data-elementor-open-lightbox=\"yes\" data-elementor-lightbox-title=\"semaine de bilan &amp; r\u00e9\u00e9ducationpour tous\" data-e-action-hash=\"#elementor-action%3Aaction%3Dlightbox%26settings%3DeyJpZCI6NDIzNiwidXJsIjoiaHR0cHM6XC9cL2Fzc29jaWF0aW9uZmFuYXJlbmFuYS5vcmdcL3dwLWNvbnRlbnRcL3VwbG9hZHNcLzIwMjRcLzAzXC9JTUcyMDIyMDQyNzExMzIyOS1zY2FsZWQuanBnIn0%3D\">\n\t\t\t\t\t\t\t<img decoding=\"async\" src=\"https:\/\/associationfanarenana.org\/wp-content\/uploads\/elementor\/thumbs\/IMG20220427113229-scaled-qkxgts8mjitygd03l1c8a5cvw34xdooyd41scrro1c.jpg\" title=\"semaine de bilan &#038; r\u00e9\u00e9ducationpour tous\" alt=\"semaine de bilan &amp; r\u00e9\u00e9ducationpour tous\" loading=\"lazy\" \/>\t\t\t\t\t\t\t\t<\/a>\n\t\t\t\t\t\t\t\t\t\t\t\t\t\t\t<\/div>\n\t\t\t\t<\/div>\n\t\t\t\t\t<\/div>\n\t\t<\/div>\n\t\t\t\t<div class=\"elementor-column elementor-col-50 elementor-inner-column elementor-element elementor-element-1d3054df\" data-id=\"1d3054df\" data-element_type=\"column\" data-e-type=\"column\">\n\t\t\t<div class=\"elementor-widget-wrap elementor-element-populated\">\n\t\t\t\t\t\t<div class=\"elementor-element elementor-element-26afdc1 elementor-widget elementor-widget-spacer\" data-id=\"26afdc1\" data-element_type=\"widget\" data-e-type=\"widget\" data-widget_type=\"spacer.default\">\n\t\t\t\t<div class=\"elementor-widget-container\">\n\t\t\t\t\t\t\t<div class=\"elementor-spacer\">\n\t\t\t<div class=\"elementor-spacer-inner\"><\/div>\n\t\t<\/div>\n\t\t\t\t\t\t<\/div>\n\t\t\t\t<\/div>\n\t\t\t\t<div class=\"elementor-element elementor-element-52dfd9bf elementor-widget elementor-widget-image\" data-id=\"52dfd9bf\" data-element_type=\"widget\" data-e-type=\"widget\" data-widget_type=\"image.default\">\n\t\t\t\t<div class=\"elementor-widget-container\">\n\t\t\t\t\t\t\t\t\t\t\t\t\t\t\t\t<a href=\"https:\/\/associationfanarenana.org\/wp-content\/uploads\/2024\/03\/100_1860-scaled.jpg\" data-elementor-open-lightbox=\"yes\" data-elementor-lightbox-title=\"semaine de bilan &amp; r\u00e9\u00e9ducationpour tous\" data-e-action-hash=\"#elementor-action%3Aaction%3Dlightbox%26settings%3DeyJpZCI6NDIzNywidXJsIjoiaHR0cHM6XC9cL2Fzc29jaWF0aW9uZmFuYXJlbmFuYS5vcmdcL3dwLWNvbnRlbnRcL3VwbG9hZHNcLzIwMjRcLzAzXC8xMDBfMTg2MC1zY2FsZWQuanBnIn0%3D\">\n\t\t\t\t\t\t\t<img decoding=\"async\" src=\"https:\/\/associationfanarenana.org\/wp-content\/uploads\/elementor\/thumbs\/100_1860-scaled-qkxgtythvd2ypmqjim6m9lp41s8hvkf2q0m6pphwts.jpg\" title=\"semaine de bilan &#038; r\u00e9\u00e9ducationpour tous\" alt=\"semaine de bilan &amp; r\u00e9\u00e9ducationpour tous\" loading=\"lazy\" \/>\t\t\t\t\t\t\t\t<\/a>\n\t\t\t\t\t\t\t\t\t\t\t\t\t\t\t<\/div>\n\t\t\t\t<\/div>\n\t\t\t\t\t<\/div>\n\t\t<\/div>\n\t\t\t\t\t<\/div>\n\t\t<\/section>\n\t\t\t\t\t<\/div>\n\t\t<\/div>\n\t\t\t\t\t<\/div>\n\t\t<\/section>\n\t\t\t\t<\/div>\n\t\t","protected":false},"excerpt":{"rendered":"<p>LES SEMAINES DE BILAN &amp; DE R\u00c9\u00c9DUCATION POUR TOUS L&rsquo;ACTIVIT\u00c9 Les semaines de bilans et conseils pour tous Dans d\u2019autres r\u00e9gions de Madagascar o\u00f9 les professionnels manquent, une premi\u00e8re phase d\u00e9di\u00e9e \u00e0 l&rsquo;\u00e9valuation des besoins des enfants et des jeunes en situation de handicap est initi\u00e9e. Les bilans permettent de fournir des conseils et des [&hellip;]<\/p>\n","protected":false},"author":1,"featured_media":0,"parent":67,"menu_order":0,"comment_status":"closed","ping_status":"closed","template":"","meta":{"footnotes":""},"class_list":["post-3305","page","type-page","status-publish","hentry"],"blocksy_meta":[],"yoast_head":"<!-- This site is optimized with the Yoast SEO plugin v22.2 - https:\/\/yoast.com\/wordpress\/plugins\/seo\/ -->\n<title>Les semaines de bilans et r\u00e9\u00e9ducations pour tous - Association Fanarenana<\/title>\n<meta name=\"robots\" content=\"index, follow, max-snippet:-1, max-image-preview:large, max-video-preview:-1\" \/>\n<link rel=\"canonical\" href=\"https:\/\/associationfanarenana.org\/index.php\/autres-activites\/les-semaines-de-bilans-et-reeducations-pour-tous\/\" \/>\n<meta property=\"og:locale\" content=\"fr_FR\" \/>\n<meta property=\"og:type\" content=\"article\" \/>\n<meta property=\"og:title\" content=\"Les semaines de bilans et r\u00e9\u00e9ducations pour tous - Association Fanarenana\" \/>\n<meta property=\"og:description\" content=\"LES SEMAINES DE BILAN &amp; DE R\u00c9\u00c9DUCATION POUR TOUS L&rsquo;ACTIVIT\u00c9 Les semaines de bilans et conseils pour tous Dans d\u2019autres r\u00e9gions de Madagascar o\u00f9 les professionnels manquent, une premi\u00e8re phase d\u00e9di\u00e9e \u00e0 l&rsquo;\u00e9valuation des besoins des enfants et des jeunes en situation de handicap est initi\u00e9e. Les bilans permettent de fournir des conseils et des [&hellip;]\" \/>\n<meta property=\"og:url\" content=\"https:\/\/associationfanarenana.org\/index.php\/autres-activites\/les-semaines-de-bilans-et-reeducations-pour-tous\/\" \/>\n<meta property=\"og:site_name\" content=\"Association Fanarenana\" \/>\n<meta property=\"article:modified_time\" content=\"2024-06-20T17:37:13+00:00\" \/>\n<meta property=\"og:image\" content=\"https:\/\/associationfanarenana.org\/wp-content\/uploads\/elementor\/thumbs\/SAM_0619-scaled-qkxgtmlleim8ip8ahywgv6s4brwq3i2kcc4vh4012o.jpg\" \/>\n<meta name=\"twitter:card\" content=\"summary_large_image\" \/>\n<meta name=\"twitter:label1\" content=\"Dur\u00e9e de lecture estim\u00e9e\" \/>\n\t<meta name=\"twitter:data1\" content=\"2 minutes\" \/>\n<script type=\"application\/ld+json\" class=\"yoast-schema-graph\">{\"@context\":\"https:\/\/schema.org\",\"@graph\":[{\"@type\":\"WebPage\",\"@id\":\"https:\/\/associationfanarenana.org\/index.php\/autres-activites\/les-semaines-de-bilans-et-reeducations-pour-tous\/\",\"url\":\"https:\/\/associationfanarenana.org\/index.php\/autres-activites\/les-semaines-de-bilans-et-reeducations-pour-tous\/\",\"name\":\"Les semaines de bilans et r\u00e9\u00e9ducations pour tous - Association Fanarenana\",\"isPartOf\":{\"@id\":\"https:\/\/associationfanarenana.org\/#website\"},\"primaryImageOfPage\":{\"@id\":\"https:\/\/associationfanarenana.org\/index.php\/autres-activites\/les-semaines-de-bilans-et-reeducations-pour-tous\/#primaryimage\"},\"image\":{\"@id\":\"https:\/\/associationfanarenana.org\/index.php\/autres-activites\/les-semaines-de-bilans-et-reeducations-pour-tous\/#primaryimage\"},\"thumbnailUrl\":\"https:\/\/associationfanarenana.org\/wp-content\/uploads\/elementor\/thumbs\/SAM_0619-scaled-qkxgtmlleim8ip8ahywgv6s4brwq3i2kcc4vh4012o.jpg\",\"datePublished\":\"2024-03-06T10:53:01+00:00\",\"dateModified\":\"2024-06-20T17:37:13+00:00\",\"breadcrumb\":{\"@id\":\"https:\/\/associationfanarenana.org\/index.php\/autres-activites\/les-semaines-de-bilans-et-reeducations-pour-tous\/#breadcrumb\"},\"inLanguage\":\"fr-FR\",\"potentialAction\":[{\"@type\":\"ReadAction\",\"target\":[\"https:\/\/associationfanarenana.org\/index.php\/autres-activites\/les-semaines-de-bilans-et-reeducations-pour-tous\/\"]}]},{\"@type\":\"ImageObject\",\"inLanguage\":\"fr-FR\",\"@id\":\"https:\/\/associationfanarenana.org\/index.php\/autres-activites\/les-semaines-de-bilans-et-reeducations-pour-tous\/#primaryimage\",\"url\":\"https:\/\/associationfanarenana.org\/wp-content\/uploads\/elementor\/thumbs\/SAM_0619-scaled-qkxgtmlleim8ip8ahywgv6s4brwq3i2kcc4vh4012o.jpg\",\"contentUrl\":\"https:\/\/associationfanarenana.org\/wp-content\/uploads\/elementor\/thumbs\/SAM_0619-scaled-qkxgtmlleim8ip8ahywgv6s4brwq3i2kcc4vh4012o.jpg\"},{\"@type\":\"BreadcrumbList\",\"@id\":\"https:\/\/associationfanarenana.org\/index.php\/autres-activites\/les-semaines-de-bilans-et-reeducations-pour-tous\/#breadcrumb\",\"itemListElement\":[{\"@type\":\"ListItem\",\"position\":1,\"name\":\"Accueil\",\"item\":\"https:\/\/associationfanarenana.org\/\"},{\"@type\":\"ListItem\",\"position\":2,\"name\":\"Autres activit\u00e9s\",\"item\":\"https:\/\/associationfanarenana.org\/index.php\/autres-activites\/\"},{\"@type\":\"ListItem\",\"position\":3,\"name\":\"Les semaines de bilans et r\u00e9\u00e9ducations pour tous\"}]},{\"@type\":\"WebSite\",\"@id\":\"https:\/\/associationfanarenana.org\/#website\",\"url\":\"https:\/\/associationfanarenana.org\/\",\"name\":\"Association Fanarenana\",\"description\":\"Promouvoir la r\u00e9adaptation des enfants et jeunes en situation de handicap \u00e0 Madagasacar\",\"publisher\":{\"@id\":\"https:\/\/associationfanarenana.org\/#organization\"},\"potentialAction\":[{\"@type\":\"SearchAction\",\"target\":{\"@type\":\"EntryPoint\",\"urlTemplate\":\"https:\/\/associationfanarenana.org\/?s={search_term_string}\"},\"query-input\":\"required name=search_term_string\"}],\"inLanguage\":\"fr-FR\"},{\"@type\":\"Organization\",\"@id\":\"https:\/\/associationfanarenana.org\/#organization\",\"name\":\"Association Fanarenana\",\"url\":\"https:\/\/associationfanarenana.org\/\",\"logo\":{\"@type\":\"ImageObject\",\"inLanguage\":\"fr-FR\",\"@id\":\"https:\/\/associationfanarenana.org\/#\/schema\/logo\/image\/\",\"url\":\"https:\/\/associationfanarenana.org\/wp-content\/uploads\/2023\/12\/Logo_Fanarenana1.png\",\"contentUrl\":\"https:\/\/associationfanarenana.org\/wp-content\/uploads\/2023\/12\/Logo_Fanarenana1.png\",\"width\":488,\"height\":405,\"caption\":\"Association Fanarenana\"},\"image\":{\"@id\":\"https:\/\/associationfanarenana.org\/#\/schema\/logo\/image\/\"},\"sameAs\":[\"https:\/\/www.instagram.com\/association_fanarenana\/\"]}]}<\/script>\n<!-- \/ Yoast SEO plugin. -->","yoast_head_json":{"title":"Les semaines de bilans et r\u00e9\u00e9ducations pour tous - Association Fanarenana","robots":{"index":"index","follow":"follow","max-snippet":"max-snippet:-1","max-image-preview":"max-image-preview:large","max-video-preview":"max-video-preview:-1"},"canonical":"https:\/\/associationfanarenana.org\/index.php\/autres-activites\/les-semaines-de-bilans-et-reeducations-pour-tous\/","og_locale":"fr_FR","og_type":"article","og_title":"Les semaines de bilans et r\u00e9\u00e9ducations pour tous - Association Fanarenana","og_description":"LES SEMAINES DE BILAN &amp; DE R\u00c9\u00c9DUCATION POUR TOUS L&rsquo;ACTIVIT\u00c9 Les semaines de bilans et conseils pour tous Dans d\u2019autres r\u00e9gions de Madagascar o\u00f9 les professionnels manquent, une premi\u00e8re phase d\u00e9di\u00e9e \u00e0 l&rsquo;\u00e9valuation des besoins des enfants et des jeunes en situation de handicap est initi\u00e9e. Les bilans permettent de fournir des conseils et des [&hellip;]","og_url":"https:\/\/associationfanarenana.org\/index.php\/autres-activites\/les-semaines-de-bilans-et-reeducations-pour-tous\/","og_site_name":"Association Fanarenana","article_modified_time":"2024-06-20T17:37:13+00:00","og_image":[{"url":"https:\/\/associationfanarenana.org\/wp-content\/uploads\/elementor\/thumbs\/SAM_0619-scaled-qkxgtmlleim8ip8ahywgv6s4brwq3i2kcc4vh4012o.jpg"}],"twitter_card":"summary_large_image","twitter_misc":{"Dur\u00e9e de lecture estim\u00e9e":"2 minutes"},"schema":{"@context":"https:\/\/schema.org","@graph":[{"@type":"WebPage","@id":"https:\/\/associationfanarenana.org\/index.php\/autres-activites\/les-semaines-de-bilans-et-reeducations-pour-tous\/","url":"https:\/\/associationfanarenana.org\/index.php\/autres-activites\/les-semaines-de-bilans-et-reeducations-pour-tous\/","name":"Les semaines de bilans et r\u00e9\u00e9ducations pour tous - Association Fanarenana","isPartOf":{"@id":"https:\/\/associationfanarenana.org\/#website"},"primaryImageOfPage":{"@id":"https:\/\/associationfanarenana.org\/index.php\/autres-activites\/les-semaines-de-bilans-et-reeducations-pour-tous\/#primaryimage"},"image":{"@id":"https:\/\/associationfanarenana.org\/index.php\/autres-activites\/les-semaines-de-bilans-et-reeducations-pour-tous\/#primaryimage"},"thumbnailUrl":"https:\/\/associationfanarenana.org\/wp-content\/uploads\/elementor\/thumbs\/SAM_0619-scaled-qkxgtmlleim8ip8ahywgv6s4brwq3i2kcc4vh4012o.jpg","datePublished":"2024-03-06T10:53:01+00:00","dateModified":"2024-06-20T17:37:13+00:00","breadcrumb":{"@id":"https:\/\/associationfanarenana.org\/index.php\/autres-activites\/les-semaines-de-bilans-et-reeducations-pour-tous\/#breadcrumb"},"inLanguage":"fr-FR","potentialAction":[{"@type":"ReadAction","target":["https:\/\/associationfanarenana.org\/index.php\/autres-activites\/les-semaines-de-bilans-et-reeducations-pour-tous\/"]}]},{"@type":"ImageObject","inLanguage":"fr-FR","@id":"https:\/\/associationfanarenana.org\/index.php\/autres-activites\/les-semaines-de-bilans-et-reeducations-pour-tous\/#primaryimage","url":"https:\/\/associationfanarenana.org\/wp-content\/uploads\/elementor\/thumbs\/SAM_0619-scaled-qkxgtmlleim8ip8ahywgv6s4brwq3i2kcc4vh4012o.jpg","contentUrl":"https:\/\/associationfanarenana.org\/wp-content\/uploads\/elementor\/thumbs\/SAM_0619-scaled-qkxgtmlleim8ip8ahywgv6s4brwq3i2kcc4vh4012o.jpg"},{"@type":"BreadcrumbList","@id":"https:\/\/associationfanarenana.org\/index.php\/autres-activites\/les-semaines-de-bilans-et-reeducations-pour-tous\/#breadcrumb","itemListElement":[{"@type":"ListItem","position":1,"name":"Accueil","item":"https:\/\/associationfanarenana.org\/"},{"@type":"ListItem","position":2,"name":"Autres activit\u00e9s","item":"https:\/\/associationfanarenana.org\/index.php\/autres-activites\/"},{"@type":"ListItem","position":3,"name":"Les semaines de bilans et r\u00e9\u00e9ducations pour tous"}]},{"@type":"WebSite","@id":"https:\/\/associationfanarenana.org\/#website","url":"https:\/\/associationfanarenana.org\/","name":"Association Fanarenana","description":"Promouvoir la r\u00e9adaptation des enfants et jeunes en situation de handicap \u00e0 Madagasacar","publisher":{"@id":"https:\/\/associationfanarenana.org\/#organization"},"potentialAction":[{"@type":"SearchAction","target":{"@type":"EntryPoint","urlTemplate":"https:\/\/associationfanarenana.org\/?s={search_term_string}"},"query-input":"required name=search_term_string"}],"inLanguage":"fr-FR"},{"@type":"Organization","@id":"https:\/\/associationfanarenana.org\/#organization","name":"Association Fanarenana","url":"https:\/\/associationfanarenana.org\/","logo":{"@type":"ImageObject","inLanguage":"fr-FR","@id":"https:\/\/associationfanarenana.org\/#\/schema\/logo\/image\/","url":"https:\/\/associationfanarenana.org\/wp-content\/uploads\/2023\/12\/Logo_Fanarenana1.png","contentUrl":"https:\/\/associationfanarenana.org\/wp-content\/uploads\/2023\/12\/Logo_Fanarenana1.png","width":488,"height":405,"caption":"Association Fanarenana"},"image":{"@id":"https:\/\/associationfanarenana.org\/#\/schema\/logo\/image\/"},"sameAs":["https:\/\/www.instagram.com\/association_fanarenana\/"]}]}},"_links":{"self":[{"href":"https:\/\/associationfanarenana.org\/index.php\/wp-json\/wp\/v2\/pages\/3305","targetHints":{"allow":["GET"]}}],"collection":[{"href":"https:\/\/associationfanarenana.org\/index.php\/wp-json\/wp\/v2\/pages"}],"about":[{"href":"https:\/\/associationfanarenana.org\/index.php\/wp-json\/wp\/v2\/types\/page"}],"author":[{"embeddable":true,"href":"https:\/\/associationfanarenana.org\/index.php\/wp-json\/wp\/v2\/users\/1"}],"replies":[{"embeddable":true,"href":"https:\/\/associationfanarenana.org\/index.php\/wp-json\/wp\/v2\/comments?post=3305"}],"version-history":[{"count":25,"href":"https:\/\/associationfanarenana.org\/index.php\/wp-json\/wp\/v2\/pages\/3305\/revisions"}],"predecessor-version":[{"id":5762,"href":"https:\/\/associationfanarenana.org\/index.php\/wp-json\/wp\/v2\/pages\/3305\/revisions\/5762"}],"up":[{"embeddable":true,"href":"https:\/\/associationfanarenana.org\/index.php\/wp-json\/wp\/v2\/pages\/67"}],"wp:attachment":[{"href":"https:\/\/associationfanarenana.org\/index.php\/wp-json\/wp\/v2\/media?parent=3305"}],"curies":[{"name":"wp","href":"https:\/\/api.w.org\/{rel}","templated":true}]}}