{"id":4297,"date":"2024-03-09T00:36:29","date_gmt":"2024-03-08T23:36:29","guid":{"rendered":"https:\/\/associationfanarenana.org\/?page_id=4297"},"modified":"2024-03-12T15:28:19","modified_gmt":"2024-03-12T14:28:19","slug":"nos-valeurs","status":"publish","type":"page","link":"https:\/\/associationfanarenana.org\/index.php\/notre-engagement\/nos-valeurs\/","title":{"rendered":"Nos valeurs"},"content":{"rendered":"\t\t<div data-elementor-type=\"wp-page\" data-elementor-id=\"4297\" class=\"elementor elementor-4297\">\n\t\t\t\t\t\t<section class=\"elementor-section elementor-top-section elementor-element elementor-element-69980cd1 elementor-section-height-min-height elementor-section-boxed elementor-section-height-default elementor-section-items-middle wpr-particle-no wpr-jarallax-no wpr-parallax-no wpr-sticky-section-no\" data-id=\"69980cd1\" data-element_type=\"section\" data-e-type=\"section\" data-settings=\"{&quot;background_background&quot;:&quot;classic&quot;}\">\n\t\t\t\t\t\t<div class=\"elementor-container elementor-column-gap-default\">\n\t\t\t\t\t<div class=\"elementor-column elementor-col-100 elementor-top-column elementor-element elementor-element-73a05d8e\" data-id=\"73a05d8e\" data-element_type=\"column\" data-e-type=\"column\">\n\t\t\t<div class=\"elementor-widget-wrap elementor-element-populated\">\n\t\t\t\t\t\t<section class=\"elementor-section elementor-inner-section elementor-element elementor-element-50d771a8 elementor-section-boxed elementor-section-height-default elementor-section-height-default wpr-particle-no wpr-jarallax-no wpr-parallax-no wpr-sticky-section-no\" data-id=\"50d771a8\" data-element_type=\"section\" data-e-type=\"section\">\n\t\t\t\t\t\t<div class=\"elementor-container elementor-column-gap-default\">\n\t\t\t\t\t<div class=\"elementor-column elementor-col-33 elementor-inner-column elementor-element elementor-element-7ff7470e\" data-id=\"7ff7470e\" data-element_type=\"column\" data-e-type=\"column\">\n\t\t\t<div class=\"elementor-widget-wrap elementor-element-populated\">\n\t\t\t\t\t\t<div class=\"elementor-element elementor-element-7983e984 elementor-widget-divider--separator-type-pattern elementor-widget-divider--view-line elementor-widget elementor-widget-divider\" data-id=\"7983e984\" data-element_type=\"widget\" data-e-type=\"widget\" data-widget_type=\"divider.default\">\n\t\t\t\t<div class=\"elementor-widget-container\">\n\t\t\t\t\t\t\t<div class=\"elementor-divider\" style=\"--divider-pattern-url: url(&quot;data:image\/svg+xml,%3Csvg xmlns=&#039;http:\/\/www.w3.org\/2000\/svg&#039; preserveAspectRatio=&#039;none&#039; overflow=&#039;visible&#039; height=&#039;100%&#039; viewBox=&#039;0 0 24 24&#039; fill=&#039;none&#039; stroke=&#039;black&#039; stroke-width=&#039;1.5&#039; stroke-linecap=&#039;square&#039; stroke-miterlimit=&#039;10&#039;%3E%3Cpath d=&#039;M0,6c6,0,0.9,11.1,6.9,11.1S18,6,24,6&#039;\/%3E%3C\/svg%3E&quot;);\">\n\t\t\t<span class=\"elementor-divider-separator\">\n\t\t\t\t\t\t<\/span>\n\t\t<\/div>\n\t\t\t\t\t\t<\/div>\n\t\t\t\t<\/div>\n\t\t\t\t\t<\/div>\n\t\t<\/div>\n\t\t\t\t<div class=\"elementor-column elementor-col-33 elementor-inner-column elementor-element elementor-element-497908e2\" data-id=\"497908e2\" data-element_type=\"column\" data-e-type=\"column\">\n\t\t\t<div class=\"elementor-widget-wrap elementor-element-populated\">\n\t\t\t\t\t\t<div class=\"elementor-element elementor-element-77bf1f88 elementor-widget__width-initial elementor-invisible elementor-widget elementor-widget-heading\" data-id=\"77bf1f88\" data-element_type=\"widget\" data-e-type=\"widget\" data-settings=\"{&quot;_animation&quot;:&quot;fadeIn&quot;}\" data-widget_type=\"heading.default\">\n\t\t\t\t<div class=\"elementor-widget-container\">\n\t\t\t\t\t<h3 class=\"elementor-heading-title elementor-size-default\">NOS VALEURS<\/h3>\t\t\t\t<\/div>\n\t\t\t\t<\/div>\n\t\t\t\t\t<\/div>\n\t\t<\/div>\n\t\t\t\t<div class=\"elementor-column elementor-col-33 elementor-inner-column elementor-element elementor-element-1de39864\" data-id=\"1de39864\" data-element_type=\"column\" data-e-type=\"column\">\n\t\t\t<div class=\"elementor-widget-wrap elementor-element-populated\">\n\t\t\t\t\t\t<div class=\"elementor-element elementor-element-4f61c314 elementor-widget-divider--separator-type-pattern elementor-widget-divider--view-line elementor-widget elementor-widget-divider\" data-id=\"4f61c314\" data-element_type=\"widget\" data-e-type=\"widget\" data-widget_type=\"divider.default\">\n\t\t\t\t<div class=\"elementor-widget-container\">\n\t\t\t\t\t\t\t<div class=\"elementor-divider\" style=\"--divider-pattern-url: url(&quot;data:image\/svg+xml,%3Csvg xmlns=&#039;http:\/\/www.w3.org\/2000\/svg&#039; preserveAspectRatio=&#039;none&#039; overflow=&#039;visible&#039; height=&#039;100%&#039; viewBox=&#039;0 0 24 24&#039; fill=&#039;none&#039; stroke=&#039;black&#039; stroke-width=&#039;1.5&#039; stroke-linecap=&#039;square&#039; stroke-miterlimit=&#039;10&#039;%3E%3Cpath d=&#039;M0,6c6,0,0.9,11.1,6.9,11.1S18,6,24,6&#039;\/%3E%3C\/svg%3E&quot;);\">\n\t\t\t<span class=\"elementor-divider-separator\">\n\t\t\t\t\t\t<\/span>\n\t\t<\/div>\n\t\t\t\t\t\t<\/div>\n\t\t\t\t<\/div>\n\t\t\t\t\t<\/div>\n\t\t<\/div>\n\t\t\t\t\t<\/div>\n\t\t<\/section>\n\t\t\t\t<section class=\"elementor-section elementor-inner-section elementor-element elementor-element-5692679 elementor-section-height-min-height animated-slow elementor-section-boxed elementor-section-height-default wpr-particle-no wpr-jarallax-no wpr-parallax-no wpr-sticky-section-no elementor-invisible\" data-id=\"5692679\" data-element_type=\"section\" data-e-type=\"section\" data-settings=\"{&quot;animation&quot;:&quot;fadeIn&quot;}\">\n\t\t\t\t\t\t<div class=\"elementor-container elementor-column-gap-wide\">\n\t\t\t\t\t<div class=\"elementor-column elementor-col-50 elementor-inner-column elementor-element elementor-element-5ba990e5\" data-id=\"5ba990e5\" data-element_type=\"column\" data-e-type=\"column\">\n\t\t\t<div class=\"elementor-widget-wrap elementor-element-populated\">\n\t\t\t\t\t\t<div class=\"elementor-element elementor-element-45870e2d elementor-position-left elementor-vertical-align-middle envato-kit-140-imagebox-nospace elementor-widget elementor-widget-image-box\" data-id=\"45870e2d\" data-element_type=\"widget\" data-e-type=\"widget\" data-widget_type=\"image-box.default\">\n\t\t\t\t<div class=\"elementor-widget-container\">\n\t\t\t\t\t<div class=\"elementor-image-box-wrapper\"><figure class=\"elementor-image-box-img\"><img decoding=\"async\" src=\"https:\/\/associationfanarenana.org\/wp-content\/uploads\/elementor\/thumbs\/IMG_4701-scaled-ql0yc5h9axrmufcd8vyj77tve21h7znnlkopj6wjw8.jpg\" title=\"IMG_4701\" alt=\"IMG_4701\" class=\"elementor-animation-bob\" loading=\"lazy\" \/><\/figure><div class=\"elementor-image-box-content\"><div class=\"elementor-image-box-title\">Le Respect<\/div><p class=\"elementor-image-box-description\">Au c\u0153ur de notre action, le respect est pour nous un droit et un devoir universel. Nous reconnaissons et valorisons l'unicit\u00e9 de chaque individu dans sa diff\u00e9rence. Accorder une importance in\u00e9branlable \u00e0 la dignit\u00e9 de chaque personne guide nos actions. Nous responsabilisons chacun dans ses actes et\nexpressions, veillant au respect des droits et devoirs fondamentaux de tous.<\/p><\/div><\/div>\t\t\t\t<\/div>\n\t\t\t\t<\/div>\n\t\t\t\t<div class=\"elementor-element elementor-element-7c1d6f22 elementor-position-left elementor-vertical-align-middle envato-kit-140-imagebox-nospace elementor-widget elementor-widget-image-box\" data-id=\"7c1d6f22\" data-element_type=\"widget\" data-e-type=\"widget\" data-widget_type=\"image-box.default\">\n\t\t\t\t<div class=\"elementor-widget-container\">\n\t\t\t\t\t<div class=\"elementor-image-box-wrapper\"><figure class=\"elementor-image-box-img\"><img decoding=\"async\" src=\"https:\/\/associationfanarenana.org\/wp-content\/uploads\/elementor\/thumbs\/IMG_5689-scaled-ql0yl6pezm4ufi7yhsjg5xrcxdih79is6aepkxic3c.jpg\" title=\"IMG_5689\" alt=\"IMG_5689\" class=\"elementor-animation-bob\" loading=\"lazy\" \/><\/figure><div class=\"elementor-image-box-content\"><div class=\"elementor-image-box-title\">La Solidarit\u00e9<\/div><p class=\"elementor-image-box-description\">Fanarenana, c'est l'encouragement des liens sociaux. Nous reconnaissons les qualit\u00e9s, richesses et potentiels de chacun, cultivant ainsi un esprit de solidarit\u00e9 au sein de notre communaut\u00e9. C'est en unissant nos forces\nque nous faisons la diff\u00e9rence dans la vie des personnes que nous soutenons.<\/p><\/div><\/div>\t\t\t\t<\/div>\n\t\t\t\t<\/div>\n\t\t\t\t\t<\/div>\n\t\t<\/div>\n\t\t\t\t<div class=\"elementor-column elementor-col-50 elementor-inner-column elementor-element elementor-element-4c8128e2\" data-id=\"4c8128e2\" data-element_type=\"column\" data-e-type=\"column\">\n\t\t\t<div class=\"elementor-widget-wrap elementor-element-populated\">\n\t\t\t\t\t\t<div class=\"elementor-element elementor-element-29529502 elementor-position-left elementor-vertical-align-middle envato-kit-140-imagebox-nospace elementor-widget elementor-widget-image-box\" data-id=\"29529502\" data-element_type=\"widget\" data-e-type=\"widget\" data-widget_type=\"image-box.default\">\n\t\t\t\t<div class=\"elementor-widget-container\">\n\t\t\t\t\t<div class=\"elementor-image-box-wrapper\"><figure class=\"elementor-image-box-img\"><img decoding=\"async\" src=\"https:\/\/associationfanarenana.org\/wp-content\/uploads\/elementor\/thumbs\/IMG_5972-scaled-ql0yex45fdk113bn330zjioqcwedvwn7b9u6eistko.jpg\" title=\"IMG_5972\" alt=\"IMG_5972\" class=\"elementor-animation-bob\" loading=\"lazy\" \/><\/figure><div class=\"elementor-image-box-content\"><div class=\"elementor-image-box-title\">La Qualit\u00e9<\/div><p class=\"elementor-image-box-description\">La qualit\u00e9, pour nous, signifie renforcer notre coh\u00e9sion et accro\u00eetre nos capacit\u00e9s d\u2019action. Nous encourageons l'initiative et la cr\u00e9ativit\u00e9, favorisons le d\u00e9veloppement des comp\u00e9tences et mettons en valeur les potentiels individuels. Nous reconnaissons que chaque personne enrichit le groupe, et nous partageons et \u00e9changeons nos valeurs pour grandir ensemble.<\/p><\/div><\/div>\t\t\t\t<\/div>\n\t\t\t\t<\/div>\n\t\t\t\t<div class=\"elementor-element elementor-element-2de047fc elementor-position-left elementor-vertical-align-middle envato-kit-140-imagebox-nospace elementor-widget elementor-widget-image-box\" data-id=\"2de047fc\" data-element_type=\"widget\" data-e-type=\"widget\" data-widget_type=\"image-box.default\">\n\t\t\t\t<div class=\"elementor-widget-container\">\n\t\t\t\t\t<div class=\"elementor-image-box-wrapper\"><figure class=\"elementor-image-box-img\"><img decoding=\"async\" src=\"https:\/\/associationfanarenana.org\/wp-content\/uploads\/elementor\/thumbs\/IMG_5887-scaled-ql0yhtg8hziutt435u4kqacwao44mb5epm92o8i4e0.jpg\" title=\"IMG_5887\" alt=\"IMG_5887\" class=\"elementor-animation-bob\" loading=\"lazy\" \/><\/figure><div class=\"elementor-image-box-content\"><div class=\"elementor-image-box-title\">L'ouverture<\/div><p class=\"elementor-image-box-description\">Favoriser l\u2019int\u00e9gration sociale des personnes en situation de handicap est une mission centrale pour Fanarenana. Nous participons activement aux \u00e9volutions sociales, l\u00e9gislatives et r\u00e9glementaires favorables aux personnes en situation de handicap. Notre engagement inclut \u00e9galement la contribution \u00e0 changer la perception de la soci\u00e9t\u00e9 vis-\u00e0-vis du handicap, en promouvant une image positive qui c\u00e9l\u00e8bre la diversit\u00e9 et l'inclusion.<\/p><\/div><\/div>\t\t\t\t<\/div>\n\t\t\t\t<\/div>\n\t\t\t\t\t<\/div>\n\t\t<\/div>\n\t\t\t\t\t<\/div>\n\t\t<\/section>\n\t\t\t\t\t<\/div>\n\t\t<\/div>\n\t\t\t\t\t<\/div>\n\t\t<\/section>\n\t\t<div class=\"elementor-element elementor-element-75c5889 e-flex e-con-boxed wpr-particle-no wpr-jarallax-no wpr-parallax-no wpr-sticky-section-no e-con e-parent\" data-id=\"75c5889\" data-element_type=\"container\" data-e-type=\"container\">\n\t\t\t\t\t<div class=\"e-con-inner\">\n\t\t\t\t<div class=\"elementor-element elementor-element-d58078c elementor-widget elementor-widget-spacer\" data-id=\"d58078c\" data-element_type=\"widget\" data-e-type=\"widget\" data-widget_type=\"spacer.default\">\n\t\t\t\t<div class=\"elementor-widget-container\">\n\t\t\t\t\t\t\t<div class=\"elementor-spacer\">\n\t\t\t<div class=\"elementor-spacer-inner\"><\/div>\n\t\t<\/div>\n\t\t\t\t\t\t<\/div>\n\t\t\t\t<\/div>\n\t\t\t\t\t<\/div>\n\t\t\t\t<\/div>\n\t\t\t\t<\/div>\n\t\t","protected":false},"excerpt":{"rendered":"<p>NOS VALEURS Le Respect Au c\u0153ur de notre action, le respect est pour nous un droit et un devoir universel. Nous reconnaissons et valorisons l&rsquo;unicit\u00e9 de chaque individu dans sa diff\u00e9rence. Accorder une importance in\u00e9branlable \u00e0 la dignit\u00e9 de chaque personne guide nos actions. Nous responsabilisons chacun dans ses actes et expressions, veillant au respect [&hellip;]<\/p>\n","protected":false},"author":3,"featured_media":0,"parent":27,"menu_order":0,"comment_status":"closed","ping_status":"closed","template":"","meta":{"footnotes":""},"class_list":["post-4297","page","type-page","status-publish","hentry"],"blocksy_meta":[],"yoast_head":"<!-- This site is optimized with the Yoast SEO plugin v22.2 - https:\/\/yoast.com\/wordpress\/plugins\/seo\/ -->\n<title>Nos valeurs - Association Fanarenana<\/title>\n<meta name=\"robots\" content=\"index, follow, max-snippet:-1, max-image-preview:large, max-video-preview:-1\" \/>\n<link rel=\"canonical\" href=\"https:\/\/associationfanarenana.org\/index.php\/notre-engagement\/nos-valeurs\/\" \/>\n<meta property=\"og:locale\" content=\"fr_FR\" \/>\n<meta property=\"og:type\" content=\"article\" \/>\n<meta property=\"og:title\" content=\"Nos valeurs - Association Fanarenana\" \/>\n<meta property=\"og:description\" content=\"NOS VALEURS Le Respect Au c\u0153ur de notre action, le respect est pour nous un droit et un devoir universel. Nous reconnaissons et valorisons l&rsquo;unicit\u00e9 de chaque individu dans sa diff\u00e9rence. Accorder une importance in\u00e9branlable \u00e0 la dignit\u00e9 de chaque personne guide nos actions. Nous responsabilisons chacun dans ses actes et expressions, veillant au respect [&hellip;]\" \/>\n<meta property=\"og:url\" content=\"https:\/\/associationfanarenana.org\/index.php\/notre-engagement\/nos-valeurs\/\" \/>\n<meta property=\"og:site_name\" content=\"Association Fanarenana\" \/>\n<meta property=\"article:modified_time\" content=\"2024-03-12T14:28:19+00:00\" \/>\n<meta property=\"og:image\" content=\"https:\/\/associationfanarenana.org\/wp-content\/uploads\/elementor\/thumbs\/IMG_4701-scaled-ql0yc5h9axrmufcd8vyj77tve21h7znnlkopj6wjw8.jpg\" \/>\n<meta name=\"twitter:card\" content=\"summary_large_image\" \/>\n<meta name=\"twitter:label1\" content=\"Dur\u00e9e de lecture estim\u00e9e\" \/>\n\t<meta name=\"twitter:data1\" content=\"2 minutes\" \/>\n<script type=\"application\/ld+json\" class=\"yoast-schema-graph\">{\"@context\":\"https:\/\/schema.org\",\"@graph\":[{\"@type\":\"WebPage\",\"@id\":\"https:\/\/associationfanarenana.org\/index.php\/notre-engagement\/nos-valeurs\/\",\"url\":\"https:\/\/associationfanarenana.org\/index.php\/notre-engagement\/nos-valeurs\/\",\"name\":\"Nos valeurs - Association Fanarenana\",\"isPartOf\":{\"@id\":\"https:\/\/associationfanarenana.org\/#website\"},\"primaryImageOfPage\":{\"@id\":\"https:\/\/associationfanarenana.org\/index.php\/notre-engagement\/nos-valeurs\/#primaryimage\"},\"image\":{\"@id\":\"https:\/\/associationfanarenana.org\/index.php\/notre-engagement\/nos-valeurs\/#primaryimage\"},\"thumbnailUrl\":\"https:\/\/associationfanarenana.org\/wp-content\/uploads\/elementor\/thumbs\/IMG_4701-scaled-ql0yc5h9axrmufcd8vyj77tve21h7znnlkopj6wjw8.jpg\",\"datePublished\":\"2024-03-08T23:36:29+00:00\",\"dateModified\":\"2024-03-12T14:28:19+00:00\",\"breadcrumb\":{\"@id\":\"https:\/\/associationfanarenana.org\/index.php\/notre-engagement\/nos-valeurs\/#breadcrumb\"},\"inLanguage\":\"fr-FR\",\"potentialAction\":[{\"@type\":\"ReadAction\",\"target\":[\"https:\/\/associationfanarenana.org\/index.php\/notre-engagement\/nos-valeurs\/\"]}]},{\"@type\":\"ImageObject\",\"inLanguage\":\"fr-FR\",\"@id\":\"https:\/\/associationfanarenana.org\/index.php\/notre-engagement\/nos-valeurs\/#primaryimage\",\"url\":\"https:\/\/associationfanarenana.org\/wp-content\/uploads\/elementor\/thumbs\/IMG_4701-scaled-ql0yc5h9axrmufcd8vyj77tve21h7znnlkopj6wjw8.jpg\",\"contentUrl\":\"https:\/\/associationfanarenana.org\/wp-content\/uploads\/elementor\/thumbs\/IMG_4701-scaled-ql0yc5h9axrmufcd8vyj77tve21h7znnlkopj6wjw8.jpg\"},{\"@type\":\"BreadcrumbList\",\"@id\":\"https:\/\/associationfanarenana.org\/index.php\/notre-engagement\/nos-valeurs\/#breadcrumb\",\"itemListElement\":[{\"@type\":\"ListItem\",\"position\":1,\"name\":\"Accueil\",\"item\":\"https:\/\/associationfanarenana.org\/\"},{\"@type\":\"ListItem\",\"position\":2,\"name\":\"Notre engagement\",\"item\":\"https:\/\/associationfanarenana.org\/index.php\/notre-engagement\/\"},{\"@type\":\"ListItem\",\"position\":3,\"name\":\"Nos valeurs\"}]},{\"@type\":\"WebSite\",\"@id\":\"https:\/\/associationfanarenana.org\/#website\",\"url\":\"https:\/\/associationfanarenana.org\/\",\"name\":\"Association Fanarenana\",\"description\":\"Promouvoir la r\u00e9adaptation des enfants et jeunes en situation de handicap \u00e0 Madagasacar\",\"publisher\":{\"@id\":\"https:\/\/associationfanarenana.org\/#organization\"},\"potentialAction\":[{\"@type\":\"SearchAction\",\"target\":{\"@type\":\"EntryPoint\",\"urlTemplate\":\"https:\/\/associationfanarenana.org\/?s={search_term_string}\"},\"query-input\":\"required name=search_term_string\"}],\"inLanguage\":\"fr-FR\"},{\"@type\":\"Organization\",\"@id\":\"https:\/\/associationfanarenana.org\/#organization\",\"name\":\"Association Fanarenana\",\"url\":\"https:\/\/associationfanarenana.org\/\",\"logo\":{\"@type\":\"ImageObject\",\"inLanguage\":\"fr-FR\",\"@id\":\"https:\/\/associationfanarenana.org\/#\/schema\/logo\/image\/\",\"url\":\"https:\/\/associationfanarenana.org\/wp-content\/uploads\/2023\/12\/Logo_Fanarenana1.png\",\"contentUrl\":\"https:\/\/associationfanarenana.org\/wp-content\/uploads\/2023\/12\/Logo_Fanarenana1.png\",\"width\":488,\"height\":405,\"caption\":\"Association Fanarenana\"},\"image\":{\"@id\":\"https:\/\/associationfanarenana.org\/#\/schema\/logo\/image\/\"},\"sameAs\":[\"https:\/\/www.instagram.com\/association_fanarenana\/\"]}]}<\/script>\n<!-- \/ Yoast SEO plugin. -->","yoast_head_json":{"title":"Nos valeurs - Association Fanarenana","robots":{"index":"index","follow":"follow","max-snippet":"max-snippet:-1","max-image-preview":"max-image-preview:large","max-video-preview":"max-video-preview:-1"},"canonical":"https:\/\/associationfanarenana.org\/index.php\/notre-engagement\/nos-valeurs\/","og_locale":"fr_FR","og_type":"article","og_title":"Nos valeurs - Association Fanarenana","og_description":"NOS VALEURS Le Respect Au c\u0153ur de notre action, le respect est pour nous un droit et un devoir universel. Nous reconnaissons et valorisons l&rsquo;unicit\u00e9 de chaque individu dans sa diff\u00e9rence. Accorder une importance in\u00e9branlable \u00e0 la dignit\u00e9 de chaque personne guide nos actions. Nous responsabilisons chacun dans ses actes et expressions, veillant au respect [&hellip;]","og_url":"https:\/\/associationfanarenana.org\/index.php\/notre-engagement\/nos-valeurs\/","og_site_name":"Association Fanarenana","article_modified_time":"2024-03-12T14:28:19+00:00","og_image":[{"url":"https:\/\/associationfanarenana.org\/wp-content\/uploads\/elementor\/thumbs\/IMG_4701-scaled-ql0yc5h9axrmufcd8vyj77tve21h7znnlkopj6wjw8.jpg"}],"twitter_card":"summary_large_image","twitter_misc":{"Dur\u00e9e de lecture estim\u00e9e":"2 minutes"},"schema":{"@context":"https:\/\/schema.org","@graph":[{"@type":"WebPage","@id":"https:\/\/associationfanarenana.org\/index.php\/notre-engagement\/nos-valeurs\/","url":"https:\/\/associationfanarenana.org\/index.php\/notre-engagement\/nos-valeurs\/","name":"Nos valeurs - Association Fanarenana","isPartOf":{"@id":"https:\/\/associationfanarenana.org\/#website"},"primaryImageOfPage":{"@id":"https:\/\/associationfanarenana.org\/index.php\/notre-engagement\/nos-valeurs\/#primaryimage"},"image":{"@id":"https:\/\/associationfanarenana.org\/index.php\/notre-engagement\/nos-valeurs\/#primaryimage"},"thumbnailUrl":"https:\/\/associationfanarenana.org\/wp-content\/uploads\/elementor\/thumbs\/IMG_4701-scaled-ql0yc5h9axrmufcd8vyj77tve21h7znnlkopj6wjw8.jpg","datePublished":"2024-03-08T23:36:29+00:00","dateModified":"2024-03-12T14:28:19+00:00","breadcrumb":{"@id":"https:\/\/associationfanarenana.org\/index.php\/notre-engagement\/nos-valeurs\/#breadcrumb"},"inLanguage":"fr-FR","potentialAction":[{"@type":"ReadAction","target":["https:\/\/associationfanarenana.org\/index.php\/notre-engagement\/nos-valeurs\/"]}]},{"@type":"ImageObject","inLanguage":"fr-FR","@id":"https:\/\/associationfanarenana.org\/index.php\/notre-engagement\/nos-valeurs\/#primaryimage","url":"https:\/\/associationfanarenana.org\/wp-content\/uploads\/elementor\/thumbs\/IMG_4701-scaled-ql0yc5h9axrmufcd8vyj77tve21h7znnlkopj6wjw8.jpg","contentUrl":"https:\/\/associationfanarenana.org\/wp-content\/uploads\/elementor\/thumbs\/IMG_4701-scaled-ql0yc5h9axrmufcd8vyj77tve21h7znnlkopj6wjw8.jpg"},{"@type":"BreadcrumbList","@id":"https:\/\/associationfanarenana.org\/index.php\/notre-engagement\/nos-valeurs\/#breadcrumb","itemListElement":[{"@type":"ListItem","position":1,"name":"Accueil","item":"https:\/\/associationfanarenana.org\/"},{"@type":"ListItem","position":2,"name":"Notre engagement","item":"https:\/\/associationfanarenana.org\/index.php\/notre-engagement\/"},{"@type":"ListItem","position":3,"name":"Nos valeurs"}]},{"@type":"WebSite","@id":"https:\/\/associationfanarenana.org\/#website","url":"https:\/\/associationfanarenana.org\/","name":"Association Fanarenana","description":"Promouvoir la r\u00e9adaptation des enfants et jeunes en situation de handicap \u00e0 Madagasacar","publisher":{"@id":"https:\/\/associationfanarenana.org\/#organization"},"potentialAction":[{"@type":"SearchAction","target":{"@type":"EntryPoint","urlTemplate":"https:\/\/associationfanarenana.org\/?s={search_term_string}"},"query-input":"required name=search_term_string"}],"inLanguage":"fr-FR"},{"@type":"Organization","@id":"https:\/\/associationfanarenana.org\/#organization","name":"Association Fanarenana","url":"https:\/\/associationfanarenana.org\/","logo":{"@type":"ImageObject","inLanguage":"fr-FR","@id":"https:\/\/associationfanarenana.org\/#\/schema\/logo\/image\/","url":"https:\/\/associationfanarenana.org\/wp-content\/uploads\/2023\/12\/Logo_Fanarenana1.png","contentUrl":"https:\/\/associationfanarenana.org\/wp-content\/uploads\/2023\/12\/Logo_Fanarenana1.png","width":488,"height":405,"caption":"Association Fanarenana"},"image":{"@id":"https:\/\/associationfanarenana.org\/#\/schema\/logo\/image\/"},"sameAs":["https:\/\/www.instagram.com\/association_fanarenana\/"]}]}},"_links":{"self":[{"href":"https:\/\/associationfanarenana.org\/index.php\/wp-json\/wp\/v2\/pages\/4297","targetHints":{"allow":["GET"]}}],"collection":[{"href":"https:\/\/associationfanarenana.org\/index.php\/wp-json\/wp\/v2\/pages"}],"about":[{"href":"https:\/\/associationfanarenana.org\/index.php\/wp-json\/wp\/v2\/types\/page"}],"author":[{"embeddable":true,"href":"https:\/\/associationfanarenana.org\/index.php\/wp-json\/wp\/v2\/users\/3"}],"replies":[{"embeddable":true,"href":"https:\/\/associationfanarenana.org\/index.php\/wp-json\/wp\/v2\/comments?post=4297"}],"version-history":[{"count":25,"href":"https:\/\/associationfanarenana.org\/index.php\/wp-json\/wp\/v2\/pages\/4297\/revisions"}],"predecessor-version":[{"id":4986,"href":"https:\/\/associationfanarenana.org\/index.php\/wp-json\/wp\/v2\/pages\/4297\/revisions\/4986"}],"up":[{"embeddable":true,"href":"https:\/\/associationfanarenana.org\/index.php\/wp-json\/wp\/v2\/pages\/27"}],"wp:attachment":[{"href":"https:\/\/associationfanarenana.org\/index.php\/wp-json\/wp\/v2\/media?parent=4297"}],"curies":[{"name":"wp","href":"https:\/\/api.w.org\/{rel}","templated":true}]}}