{"id":73,"date":"2023-05-15T17:10:11","date_gmt":"2023-05-15T15:10:11","guid":{"rendered":"http:\/\/associationfanarenana.org\/?page_id=73"},"modified":"2024-03-12T20:34:35","modified_gmt":"2024-03-12T19:34:35","slug":"nous-rejoindre","status":"publish","type":"page","link":"https:\/\/associationfanarenana.org\/index.php\/nous-rejoindre\/","title":{"rendered":"Nous rejoindre"},"content":{"rendered":"\t\t<div data-elementor-type=\"wp-page\" data-elementor-id=\"73\" class=\"elementor elementor-73\">\n\t\t\t\t\t\t<section class=\"elementor-section elementor-top-section elementor-element elementor-element-53dfaa8e elementor-section-items-bottom elementor-section-height-min-height elementor-section-boxed elementor-section-height-default wpr-particle-no wpr-jarallax-no wpr-parallax-no wpr-sticky-section-no\" data-id=\"53dfaa8e\" data-element_type=\"section\" data-e-type=\"section\" data-settings=\"{&quot;background_background&quot;:&quot;classic&quot;}\">\n\t\t\t\t\t\t\t<div class=\"elementor-background-overlay\"><\/div>\n\t\t\t\t\t\t\t<div class=\"elementor-container elementor-column-gap-default\">\n\t\t\t\t\t<div class=\"elementor-column elementor-col-100 elementor-top-column elementor-element elementor-element-6ce3a154\" data-id=\"6ce3a154\" data-element_type=\"column\" data-e-type=\"column\">\n\t\t\t<div class=\"elementor-widget-wrap elementor-element-populated\">\n\t\t\t\t\t\t<div class=\"elementor-element elementor-element-114896ee elementor-widget__width-initial elementor-invisible elementor-widget elementor-widget-heading\" data-id=\"114896ee\" data-element_type=\"widget\" data-e-type=\"widget\" data-settings=\"{&quot;_animation&quot;:&quot;fadeInDown&quot;,&quot;_animation_delay&quot;:300}\" data-widget_type=\"heading.default\">\n\t\t\t\t<div class=\"elementor-widget-container\">\n\t\t\t\t\t<h3 class=\"elementor-heading-title elementor-size-default\">REJOIGNEZ L'AVENTURE FANARENANA !<\/h3>\t\t\t\t<\/div>\n\t\t\t\t<\/div>\n\t\t\t\t<div class=\"elementor-element elementor-element-75c3902 elementor-widget elementor-widget-text-editor\" data-id=\"75c3902\" data-element_type=\"widget\" data-e-type=\"widget\" data-widget_type=\"text-editor.default\">\n\t\t\t\t<div class=\"elementor-widget-container\">\n\t\t\t\t\t\t\t\t\t<p>Professionnels, b\u00e9n\u00e9voles et stagiaires, vous avez tous un r\u00f4le \u00e0 jouer dans notre mission. Ensemble, un impact significatif peut \u00eatre cr\u00e9\u00e9 et de nouvelles opportunit\u00e9s pour ces enfants &amp; jeunes peuvent \u00eatre offertes.<\/p>\t\t\t\t\t\t\t\t<\/div>\n\t\t\t\t<\/div>\n\t\t\t\t\t<\/div>\n\t\t<\/div>\n\t\t\t\t\t<\/div>\n\t\t<\/section>\n\t\t<div class=\"elementor-element elementor-element-09de8d7 e-flex e-con-boxed wpr-particle-no wpr-jarallax-no wpr-parallax-no wpr-sticky-section-no e-con e-parent\" data-id=\"09de8d7\" data-element_type=\"container\" data-e-type=\"container\" data-settings=\"{&quot;background_background&quot;:&quot;classic&quot;}\">\n\t\t\t\t\t<div class=\"e-con-inner\">\n\t\t<div class=\"elementor-element elementor-element-dcd6a0b e-con-full e-flex wpr-particle-no wpr-jarallax-no wpr-parallax-no wpr-sticky-section-no elementor-invisible e-con e-child\" data-id=\"dcd6a0b\" data-element_type=\"container\" data-e-type=\"container\" data-settings=\"{&quot;animation&quot;:&quot;fadeInLeft&quot;,&quot;animation_delay&quot;:1000}\">\n\t\t\t\t<div class=\"elementor-element elementor-element-cfc6e95 elementor-view-default elementor-widget elementor-widget-icon\" data-id=\"cfc6e95\" data-element_type=\"widget\" data-e-type=\"widget\" data-widget_type=\"icon.default\">\n\t\t\t\t<div class=\"elementor-widget-container\">\n\t\t\t\t\t\t\t<div class=\"elementor-icon-wrapper\">\n\t\t\t<div class=\"elementor-icon\">\n\t\t\t<i aria-hidden=\"true\" class=\"fas fa-suitcase\"><\/i>\t\t\t<\/div>\n\t\t<\/div>\n\t\t\t\t\t\t<\/div>\n\t\t\t\t<\/div>\n\t\t\t\t<div class=\"elementor-element elementor-element-6624323 elementor-widget elementor-widget-heading\" data-id=\"6624323\" data-element_type=\"widget\" data-e-type=\"widget\" data-widget_type=\"heading.default\">\n\t\t\t\t<div class=\"elementor-widget-container\">\n\t\t\t\t\t<h2 class=\"elementor-heading-title elementor-size-default\">PROFESSIONNEL.LES<\/h2>\t\t\t\t<\/div>\n\t\t\t\t<\/div>\n\t\t\t\t<div class=\"elementor-element elementor-element-c411087 elementor-widget elementor-widget-spacer\" data-id=\"c411087\" data-element_type=\"widget\" data-e-type=\"widget\" data-widget_type=\"spacer.default\">\n\t\t\t\t<div class=\"elementor-widget-container\">\n\t\t\t\t\t\t\t<div class=\"elementor-spacer\">\n\t\t\t<div class=\"elementor-spacer-inner\"><\/div>\n\t\t<\/div>\n\t\t\t\t\t\t<\/div>\n\t\t\t\t<\/div>\n\t\t\t\t<div class=\"elementor-element elementor-element-3f274a7 elementor-widget elementor-widget-text-editor\" data-id=\"3f274a7\" data-element_type=\"widget\" data-e-type=\"widget\" data-widget_type=\"text-editor.default\">\n\t\t\t\t<div class=\"elementor-widget-container\">\n\t\t\t\t\t\t\t\t\t<p>Si vous \u00eates passionn\u00e9 par l\u2019accompagnement des personnes en situation de handicap et que vous souhaitez mettre vos comp\u00e9tences au service d\u2019une cause noble, nous serions ravis de vous accueillir dans notre \u00e9quipe. En effet, votre expertise est pr\u00e9cieuse pour nous afin de d\u00e9finir et de mettre en \u0153uvre des programmes innovants et adapt\u00e9s. Si vous souhaitez \u00e9galement d\u00e9couvrir le monde du handicap, travailler avec nous est une opportunit\u00e9.<\/p><p><span style=\"font-weight: 400;\">\u00a0<\/span><\/p>\t\t\t\t\t\t\t\t<\/div>\n\t\t\t\t<\/div>\n\t\t\t\t<\/div>\n\t\t<div class=\"elementor-element elementor-element-c091d33 e-con-full e-flex wpr-particle-no wpr-jarallax-no wpr-parallax-no wpr-sticky-section-no elementor-invisible e-con e-child\" data-id=\"c091d33\" data-element_type=\"container\" data-e-type=\"container\" data-settings=\"{&quot;animation&quot;:&quot;fadeInUp&quot;,&quot;animation_delay&quot;:1000}\">\n\t\t\t\t<div class=\"elementor-element elementor-element-f43a8ff elementor-view-default elementor-widget elementor-widget-icon\" data-id=\"f43a8ff\" data-element_type=\"widget\" data-e-type=\"widget\" data-widget_type=\"icon.default\">\n\t\t\t\t<div class=\"elementor-widget-container\">\n\t\t\t\t\t\t\t<div class=\"elementor-icon-wrapper\">\n\t\t\t<div class=\"elementor-icon\">\n\t\t\t<i aria-hidden=\"true\" class=\"fas fa-hand-holding-heart\"><\/i>\t\t\t<\/div>\n\t\t<\/div>\n\t\t\t\t\t\t<\/div>\n\t\t\t\t<\/div>\n\t\t\t\t<div class=\"elementor-element elementor-element-dd9becf elementor-widget elementor-widget-heading\" data-id=\"dd9becf\" data-element_type=\"widget\" data-e-type=\"widget\" data-widget_type=\"heading.default\">\n\t\t\t\t<div class=\"elementor-widget-container\">\n\t\t\t\t\t<h2 class=\"elementor-heading-title elementor-size-default\">B\u00c9N\u00c9VOLES<\/h2>\t\t\t\t<\/div>\n\t\t\t\t<\/div>\n\t\t\t\t<div class=\"elementor-element elementor-element-29203bc elementor-widget elementor-widget-spacer\" data-id=\"29203bc\" data-element_type=\"widget\" data-e-type=\"widget\" data-widget_type=\"spacer.default\">\n\t\t\t\t<div class=\"elementor-widget-container\">\n\t\t\t\t\t\t\t<div class=\"elementor-spacer\">\n\t\t\t<div class=\"elementor-spacer-inner\"><\/div>\n\t\t<\/div>\n\t\t\t\t\t\t<\/div>\n\t\t\t\t<\/div>\n\t\t\t\t<div class=\"elementor-element elementor-element-b8970c8 elementor-widget elementor-widget-text-editor\" data-id=\"b8970c8\" data-element_type=\"widget\" data-e-type=\"widget\" data-widget_type=\"text-editor.default\">\n\t\t\t\t<div class=\"elementor-widget-container\">\n\t\t\t\t\t\t\t\t\t<p>Si vous avez le d\u00e9sir de faire la diff\u00e9rence dans la vie de ces enfants et de ces jeunes, rejoignez-nous en tant que b\u00e9n\u00e9vole. Vous avez la possibilit\u00e9 de participer \u00e0 diverses activit\u00e9s. Chaque moment pass\u00e9 est un enrichissement pour vous et eux et rend notre soci\u00e9t\u00e9 plus inclusive !<\/p><p><span style=\"font-weight: 400;\">\u00a0<\/span><\/p>\t\t\t\t\t\t\t\t<\/div>\n\t\t\t\t<\/div>\n\t\t\t\t<\/div>\n\t\t<div class=\"elementor-element elementor-element-ad921fd e-con-full e-flex wpr-particle-no wpr-jarallax-no wpr-parallax-no wpr-sticky-section-no elementor-invisible e-con e-child\" data-id=\"ad921fd\" data-element_type=\"container\" data-e-type=\"container\" data-settings=\"{&quot;animation&quot;:&quot;fadeInRight&quot;,&quot;animation_delay&quot;:1000}\">\n\t\t\t\t<div class=\"elementor-element elementor-element-c6d6ddf elementor-view-default elementor-widget elementor-widget-icon\" data-id=\"c6d6ddf\" data-element_type=\"widget\" data-e-type=\"widget\" data-widget_type=\"icon.default\">\n\t\t\t\t<div class=\"elementor-widget-container\">\n\t\t\t\t\t\t\t<div class=\"elementor-icon-wrapper\">\n\t\t\t<div class=\"elementor-icon\">\n\t\t\t<i aria-hidden=\"true\" class=\"far fa-smile\"><\/i>\t\t\t<\/div>\n\t\t<\/div>\n\t\t\t\t\t\t<\/div>\n\t\t\t\t<\/div>\n\t\t\t\t<div class=\"elementor-element elementor-element-817473b elementor-widget elementor-widget-heading\" data-id=\"817473b\" data-element_type=\"widget\" data-e-type=\"widget\" data-widget_type=\"heading.default\">\n\t\t\t\t<div class=\"elementor-widget-container\">\n\t\t\t\t\t<h2 class=\"elementor-heading-title elementor-size-default\">STAGIAIRES<\/h2>\t\t\t\t<\/div>\n\t\t\t\t<\/div>\n\t\t\t\t<div class=\"elementor-element elementor-element-860585f elementor-widget elementor-widget-spacer\" data-id=\"860585f\" data-element_type=\"widget\" data-e-type=\"widget\" data-widget_type=\"spacer.default\">\n\t\t\t\t<div class=\"elementor-widget-container\">\n\t\t\t\t\t\t\t<div class=\"elementor-spacer\">\n\t\t\t<div class=\"elementor-spacer-inner\"><\/div>\n\t\t<\/div>\n\t\t\t\t\t\t<\/div>\n\t\t\t\t<\/div>\n\t\t\t\t<div class=\"elementor-element elementor-element-25b2f55 elementor-widget elementor-widget-text-editor\" data-id=\"25b2f55\" data-element_type=\"widget\" data-e-type=\"widget\" data-widget_type=\"text-editor.default\">\n\t\t\t\t<div class=\"elementor-widget-container\">\n\t\t\t\t\t\t\t\t\t<p>Vous \u00eates \u00e0 la recherche d\u2019une exp\u00e9rience significative dans le domaine du handicap et\/ou de la solidarit\u00e9 ? Notre association est faite pour vous. Vous allez pouvoir d\u00e9velopper de nouvelles connaissances, approfondir celles que vous avez d\u00e9j\u00e0 et vous immerger dans la r\u00e9alit\u00e9 d\u2019enfants en situation de handicap \u00e0 Madagascar.<\/p>\t\t\t\t\t\t\t\t<\/div>\n\t\t\t\t<\/div>\n\t\t\t\t<\/div>\n\t\t\t\t\t<\/div>\n\t\t\t\t<\/div>\n\t\t\t\t<section class=\"elementor-section elementor-top-section elementor-element elementor-element-7f620518 elementor-section-boxed elementor-section-height-default elementor-section-height-default wpr-particle-no wpr-jarallax-no wpr-parallax-no wpr-sticky-section-no\" data-id=\"7f620518\" data-element_type=\"section\" data-e-type=\"section\" data-settings=\"{&quot;background_background&quot;:&quot;classic&quot;}\">\n\t\t\t\t\t\t\t<div class=\"elementor-background-overlay\"><\/div>\n\t\t\t\t\t\t\t<div class=\"elementor-container elementor-column-gap-default\">\n\t\t\t\t\t<div class=\"elementor-column elementor-col-100 elementor-top-column elementor-element elementor-element-156d6f0 elementor-invisible\" data-id=\"156d6f0\" data-element_type=\"column\" data-e-type=\"column\" data-settings=\"{&quot;background_background&quot;:&quot;classic&quot;,&quot;animation&quot;:&quot;fadeInUp&quot;}\">\n\t\t\t<div class=\"elementor-widget-wrap elementor-element-populated\">\n\t\t\t\t\t\t<div class=\"elementor-element elementor-element-49e3b77a elementor-invisible elementor-widget elementor-widget-heading\" data-id=\"49e3b77a\" data-element_type=\"widget\" data-e-type=\"widget\" data-settings=\"{&quot;_animation&quot;:&quot;fadeInDown&quot;}\" data-widget_type=\"heading.default\">\n\t\t\t\t<div class=\"elementor-widget-container\">\n\t\t\t\t\t<h2 class=\"elementor-heading-title elementor-size-default\">ENGAGEZ-VOUS<\/h2>\t\t\t\t<\/div>\n\t\t\t\t<\/div>\n\t\t\t\t<div class=\"elementor-element elementor-element-77d7b568 elementor-align-center elementor-invisible elementor-widget elementor-widget-button\" data-id=\"77d7b568\" data-element_type=\"widget\" data-e-type=\"widget\" data-settings=\"{&quot;_animation_delay&quot;:700,&quot;_animation&quot;:&quot;fadeInDown&quot;}\" data-widget_type=\"button.default\">\n\t\t\t\t<div class=\"elementor-widget-container\">\n\t\t\t\t\t\t\t\t\t<div class=\"elementor-button-wrapper\">\n\t\t\t\t\t<a class=\"elementor-button elementor-button-link elementor-size-sm\" href=\"https:\/\/associationfanarenana.org\/index.php\/contact\/\">\n\t\t\t\t\t\t<span class=\"elementor-button-content-wrapper\">\n\t\t\t\t\t\t\t\t\t<span class=\"elementor-button-text\">NOUS JOINDRE<\/span>\n\t\t\t\t\t<\/span>\n\t\t\t\t\t<\/a>\n\t\t\t\t<\/div>\n\t\t\t\t\t\t\t\t<\/div>\n\t\t\t\t<\/div>\n\t\t\t\t\t<\/div>\n\t\t<\/div>\n\t\t\t\t\t<\/div>\n\t\t<\/section>\n\t\t<div class=\"elementor-element elementor-element-8e76257 e-flex e-con-boxed wpr-particle-no wpr-jarallax-no wpr-parallax-no wpr-sticky-section-no e-con e-parent\" data-id=\"8e76257\" data-element_type=\"container\" data-e-type=\"container\">\n\t\t\t\t\t<div class=\"e-con-inner\">\n\t\t\t\t<div class=\"elementor-element elementor-element-e9ebd81 elementor-widget elementor-widget-spacer\" data-id=\"e9ebd81\" data-element_type=\"widget\" data-e-type=\"widget\" data-widget_type=\"spacer.default\">\n\t\t\t\t<div class=\"elementor-widget-container\">\n\t\t\t\t\t\t\t<div class=\"elementor-spacer\">\n\t\t\t<div class=\"elementor-spacer-inner\"><\/div>\n\t\t<\/div>\n\t\t\t\t\t\t<\/div>\n\t\t\t\t<\/div>\n\t\t\t\t\t<\/div>\n\t\t\t\t<\/div>\n\t\t\t\t<\/div>\n\t\t","protected":false},"excerpt":{"rendered":"<p>REJOIGNEZ L&rsquo;AVENTURE FANARENANA ! Professionnels, b\u00e9n\u00e9voles et stagiaires, vous avez tous un r\u00f4le \u00e0 jouer dans notre mission. Ensemble, un impact significatif peut \u00eatre cr\u00e9\u00e9 et de nouvelles opportunit\u00e9s pour ces enfants &amp; jeunes peuvent \u00eatre offertes. PROFESSIONNEL.LES Si vous \u00eates passionn\u00e9 par l\u2019accompagnement des personnes en situation de handicap et que vous souhaitez mettre [&hellip;]<\/p>\n","protected":false},"author":1,"featured_media":0,"parent":0,"menu_order":0,"comment_status":"closed","ping_status":"closed","template":"","meta":{"footnotes":""},"class_list":["post-73","page","type-page","status-publish","hentry"],"blocksy_meta":[],"yoast_head":"<!-- This site is optimized with the Yoast SEO plugin v22.2 - https:\/\/yoast.com\/wordpress\/plugins\/seo\/ -->\n<title>Nous rejoindre - Association Fanarenana<\/title>\n<meta name=\"robots\" content=\"index, follow, max-snippet:-1, max-image-preview:large, max-video-preview:-1\" \/>\n<link rel=\"canonical\" href=\"https:\/\/associationfanarenana.org\/index.php\/nous-rejoindre\/\" \/>\n<meta property=\"og:locale\" content=\"fr_FR\" \/>\n<meta property=\"og:type\" content=\"article\" \/>\n<meta property=\"og:title\" content=\"Nous rejoindre - Association Fanarenana\" \/>\n<meta property=\"og:description\" content=\"REJOIGNEZ L&rsquo;AVENTURE FANARENANA ! Professionnels, b\u00e9n\u00e9voles et stagiaires, vous avez tous un r\u00f4le \u00e0 jouer dans notre mission. Ensemble, un impact significatif peut \u00eatre cr\u00e9\u00e9 et de nouvelles opportunit\u00e9s pour ces enfants &amp; jeunes peuvent \u00eatre offertes. PROFESSIONNEL.LES Si vous \u00eates passionn\u00e9 par l\u2019accompagnement des personnes en situation de handicap et que vous souhaitez mettre [&hellip;]\" \/>\n<meta property=\"og:url\" content=\"https:\/\/associationfanarenana.org\/index.php\/nous-rejoindre\/\" \/>\n<meta property=\"og:site_name\" content=\"Association Fanarenana\" \/>\n<meta property=\"article:modified_time\" content=\"2024-03-12T19:34:35+00:00\" \/>\n<meta property=\"og:image\" content=\"https:\/\/associationfanarenana.org\/wp-content\/uploads\/2023\/08\/DJI_20230629_125317_094-scaled.jpg\" \/>\n\t<meta property=\"og:image:width\" content=\"2560\" \/>\n\t<meta property=\"og:image:height\" content=\"1920\" \/>\n\t<meta property=\"og:image:type\" content=\"image\/jpeg\" \/>\n<meta name=\"twitter:card\" content=\"summary_large_image\" \/>\n<meta name=\"twitter:label1\" content=\"Dur\u00e9e de lecture estim\u00e9e\" \/>\n\t<meta name=\"twitter:data1\" content=\"2 minutes\" \/>\n<script type=\"application\/ld+json\" class=\"yoast-schema-graph\">{\"@context\":\"https:\/\/schema.org\",\"@graph\":[{\"@type\":\"WebPage\",\"@id\":\"https:\/\/associationfanarenana.org\/index.php\/nous-rejoindre\/\",\"url\":\"https:\/\/associationfanarenana.org\/index.php\/nous-rejoindre\/\",\"name\":\"Nous rejoindre - Association Fanarenana\",\"isPartOf\":{\"@id\":\"https:\/\/associationfanarenana.org\/#website\"},\"datePublished\":\"2023-05-15T15:10:11+00:00\",\"dateModified\":\"2024-03-12T19:34:35+00:00\",\"breadcrumb\":{\"@id\":\"https:\/\/associationfanarenana.org\/index.php\/nous-rejoindre\/#breadcrumb\"},\"inLanguage\":\"fr-FR\",\"potentialAction\":[{\"@type\":\"ReadAction\",\"target\":[\"https:\/\/associationfanarenana.org\/index.php\/nous-rejoindre\/\"]}]},{\"@type\":\"BreadcrumbList\",\"@id\":\"https:\/\/associationfanarenana.org\/index.php\/nous-rejoindre\/#breadcrumb\",\"itemListElement\":[{\"@type\":\"ListItem\",\"position\":1,\"name\":\"Accueil\",\"item\":\"https:\/\/associationfanarenana.org\/\"},{\"@type\":\"ListItem\",\"position\":2,\"name\":\"Nous rejoindre\"}]},{\"@type\":\"WebSite\",\"@id\":\"https:\/\/associationfanarenana.org\/#website\",\"url\":\"https:\/\/associationfanarenana.org\/\",\"name\":\"Association Fanarenana\",\"description\":\"Promouvoir la r\u00e9adaptation des enfants et jeunes en situation de handicap \u00e0 Madagasacar\",\"publisher\":{\"@id\":\"https:\/\/associationfanarenana.org\/#organization\"},\"potentialAction\":[{\"@type\":\"SearchAction\",\"target\":{\"@type\":\"EntryPoint\",\"urlTemplate\":\"https:\/\/associationfanarenana.org\/?s={search_term_string}\"},\"query-input\":\"required name=search_term_string\"}],\"inLanguage\":\"fr-FR\"},{\"@type\":\"Organization\",\"@id\":\"https:\/\/associationfanarenana.org\/#organization\",\"name\":\"Association Fanarenana\",\"url\":\"https:\/\/associationfanarenana.org\/\",\"logo\":{\"@type\":\"ImageObject\",\"inLanguage\":\"fr-FR\",\"@id\":\"https:\/\/associationfanarenana.org\/#\/schema\/logo\/image\/\",\"url\":\"https:\/\/associationfanarenana.org\/wp-content\/uploads\/2023\/12\/Logo_Fanarenana1.png\",\"contentUrl\":\"https:\/\/associationfanarenana.org\/wp-content\/uploads\/2023\/12\/Logo_Fanarenana1.png\",\"width\":488,\"height\":405,\"caption\":\"Association Fanarenana\"},\"image\":{\"@id\":\"https:\/\/associationfanarenana.org\/#\/schema\/logo\/image\/\"},\"sameAs\":[\"https:\/\/www.instagram.com\/association_fanarenana\/\"]}]}<\/script>\n<!-- \/ Yoast SEO plugin. -->","yoast_head_json":{"title":"Nous rejoindre - Association Fanarenana","robots":{"index":"index","follow":"follow","max-snippet":"max-snippet:-1","max-image-preview":"max-image-preview:large","max-video-preview":"max-video-preview:-1"},"canonical":"https:\/\/associationfanarenana.org\/index.php\/nous-rejoindre\/","og_locale":"fr_FR","og_type":"article","og_title":"Nous rejoindre - Association Fanarenana","og_description":"REJOIGNEZ L&rsquo;AVENTURE FANARENANA ! Professionnels, b\u00e9n\u00e9voles et stagiaires, vous avez tous un r\u00f4le \u00e0 jouer dans notre mission. Ensemble, un impact significatif peut \u00eatre cr\u00e9\u00e9 et de nouvelles opportunit\u00e9s pour ces enfants &amp; jeunes peuvent \u00eatre offertes. PROFESSIONNEL.LES Si vous \u00eates passionn\u00e9 par l\u2019accompagnement des personnes en situation de handicap et que vous souhaitez mettre [&hellip;]","og_url":"https:\/\/associationfanarenana.org\/index.php\/nous-rejoindre\/","og_site_name":"Association Fanarenana","article_modified_time":"2024-03-12T19:34:35+00:00","og_image":[{"width":2560,"height":1920,"url":"https:\/\/associationfanarenana.org\/wp-content\/uploads\/2023\/08\/DJI_20230629_125317_094-scaled.jpg","type":"image\/jpeg"}],"twitter_card":"summary_large_image","twitter_misc":{"Dur\u00e9e de lecture estim\u00e9e":"2 minutes"},"schema":{"@context":"https:\/\/schema.org","@graph":[{"@type":"WebPage","@id":"https:\/\/associationfanarenana.org\/index.php\/nous-rejoindre\/","url":"https:\/\/associationfanarenana.org\/index.php\/nous-rejoindre\/","name":"Nous rejoindre - Association Fanarenana","isPartOf":{"@id":"https:\/\/associationfanarenana.org\/#website"},"datePublished":"2023-05-15T15:10:11+00:00","dateModified":"2024-03-12T19:34:35+00:00","breadcrumb":{"@id":"https:\/\/associationfanarenana.org\/index.php\/nous-rejoindre\/#breadcrumb"},"inLanguage":"fr-FR","potentialAction":[{"@type":"ReadAction","target":["https:\/\/associationfanarenana.org\/index.php\/nous-rejoindre\/"]}]},{"@type":"BreadcrumbList","@id":"https:\/\/associationfanarenana.org\/index.php\/nous-rejoindre\/#breadcrumb","itemListElement":[{"@type":"ListItem","position":1,"name":"Accueil","item":"https:\/\/associationfanarenana.org\/"},{"@type":"ListItem","position":2,"name":"Nous rejoindre"}]},{"@type":"WebSite","@id":"https:\/\/associationfanarenana.org\/#website","url":"https:\/\/associationfanarenana.org\/","name":"Association Fanarenana","description":"Promouvoir la r\u00e9adaptation des enfants et jeunes en situation de handicap \u00e0 Madagasacar","publisher":{"@id":"https:\/\/associationfanarenana.org\/#organization"},"potentialAction":[{"@type":"SearchAction","target":{"@type":"EntryPoint","urlTemplate":"https:\/\/associationfanarenana.org\/?s={search_term_string}"},"query-input":"required name=search_term_string"}],"inLanguage":"fr-FR"},{"@type":"Organization","@id":"https:\/\/associationfanarenana.org\/#organization","name":"Association Fanarenana","url":"https:\/\/associationfanarenana.org\/","logo":{"@type":"ImageObject","inLanguage":"fr-FR","@id":"https:\/\/associationfanarenana.org\/#\/schema\/logo\/image\/","url":"https:\/\/associationfanarenana.org\/wp-content\/uploads\/2023\/12\/Logo_Fanarenana1.png","contentUrl":"https:\/\/associationfanarenana.org\/wp-content\/uploads\/2023\/12\/Logo_Fanarenana1.png","width":488,"height":405,"caption":"Association Fanarenana"},"image":{"@id":"https:\/\/associationfanarenana.org\/#\/schema\/logo\/image\/"},"sameAs":["https:\/\/www.instagram.com\/association_fanarenana\/"]}]}},"_links":{"self":[{"href":"https:\/\/associationfanarenana.org\/index.php\/wp-json\/wp\/v2\/pages\/73","targetHints":{"allow":["GET"]}}],"collection":[{"href":"https:\/\/associationfanarenana.org\/index.php\/wp-json\/wp\/v2\/pages"}],"about":[{"href":"https:\/\/associationfanarenana.org\/index.php\/wp-json\/wp\/v2\/types\/page"}],"author":[{"embeddable":true,"href":"https:\/\/associationfanarenana.org\/index.php\/wp-json\/wp\/v2\/users\/1"}],"replies":[{"embeddable":true,"href":"https:\/\/associationfanarenana.org\/index.php\/wp-json\/wp\/v2\/comments?post=73"}],"version-history":[{"count":53,"href":"https:\/\/associationfanarenana.org\/index.php\/wp-json\/wp\/v2\/pages\/73\/revisions"}],"predecessor-version":[{"id":5014,"href":"https:\/\/associationfanarenana.org\/index.php\/wp-json\/wp\/v2\/pages\/73\/revisions\/5014"}],"wp:attachment":[{"href":"https:\/\/associationfanarenana.org\/index.php\/wp-json\/wp\/v2\/media?parent=73"}],"curies":[{"name":"wp","href":"https:\/\/api.w.org\/{rel}","templated":true}]}}